{"id":8532,"date":"2021-06-26T12:42:52","date_gmt":"2021-06-26T17:42:52","guid":{"rendered":"http:\/\/inca.com.co\/centro_inca_\/?page_id=8532"},"modified":"2024-08-22T17:14:42","modified_gmt":"2024-08-22T22:14:42","slug":"tecnico-laboral-por-competencias-en-reposteria-pasticceria-y-panaderia","status":"publish","type":"page","link":"https:\/\/centroinca.com\/centroinca\/tecnico-laboral-por-competencias-en-reposteria-pasticceria-y-panaderia\/","title":{"rendered":"Estudia T\u00e9cnico Laboral por Competencias en Reposter\u00eda, Pasticcer\u00eda y Panader\u00eda en Barranquilla"},"content":{"rendered":"<div class=\"wpb-content-wrapper\"><p>[vc_row][vc_column][stm_spacing lg_spacing=&#8221;65&#8243; md_spacing=&#8221;60&#8243; sm_spacing=&#8221;50&#8243; xs_spacing=&#8221;30&#8243;][vc_custom_heading stripe_pos=&#8221;hide&#8221; text=&#8221;T\u00e9cnico Laboral por Competencias en Reposter\u00eda, Pasticcer\u00eda y Panader\u00eda&#8221; font_container=&#8221;tag:h3|text_align:center|color:%23dd0205&#8243; use_theme_fonts=&#8221;yes&#8221;][stm_spacing lg_spacing=&#8221;17&#8243; md_spacing=&#8221;17&#8243; sm_spacing=&#8221;17&#8243; xs_spacing=&#8221;17&#8243;][\/vc_column][\/vc_row][vc_row full_width=&#8221;stretch_row_content_no_spaces&#8221;][vc_column][vc_single_image image=&#8221;11605&#8243; img_size=&#8221;full&#8221; alignment=&#8221;center&#8221;][\/vc_column][\/vc_row][vc_row full_width=&#8221;stretch_row&#8221; gap=&#8221;35&#8243; equal_height=&#8221;yes&#8221; el_class=&#8221;about-bg-right&#8221; css=&#8221;.vc_custom_1621460511731{margin-bottom: 32px !important;}&#8221;][vc_column width=&#8221;1\/2&#8243;][vc_custom_heading text=&#8221;Beneficios del programa&#8221; font_container=&#8221;tag:h3|text_align:left|color:%23dd0205&#8243; use_theme_fonts=&#8221;yes&#8221; css=&#8221;.vc_custom_1622057424213{margin-top: 20px !important;margin-bottom: 25px !important;}&#8221;][vc_column_text css=&#8221;.vc_custom_1624728682298{margin-bottom: 25px !important;}&#8221;]Desarrollar en los estudiantes del programa Reposter\u00eda, Pasticcer\u00eda y Panader\u00eda los conocimientos, habilidades, aptitudes y valores que fortalezcan su quehacer laboral y la experticia t\u00e9cnica requerida para la elaboraci\u00f3n de alimentos de pasteler\u00eda y panader\u00eda seg\u00fan programa de producci\u00f3n, aplicando las normas de manipulaci\u00f3n de alimentos, controlando el manejo de materias primas conforme a los par\u00e1metros de calidad y rentabilidad, asesorando al cliente seg\u00fan sus necesidades para ejecutar la venta del producto, permitiendo brindar al Sector, un Talento Humano cualificado en el perfil ocupacional del mercado, ofreciendo as\u00ed un aporte valioso al crecimiento de la Regi\u00f3n.[\/vc_column_text][vc_row_inner equal_height=&#8221;yes&#8221;][vc_column_inner width=&#8221;1\/3&#8243;][vc_single_image image=&#8221;8228&#8243; img_size=&#8221;medium&#8221; alignment=&#8221;center&#8221;][\/vc_column_inner][vc_column_inner width=&#8221;1\/3&#8243;][vc_single_image image=&#8221;9583&#8243; img_size=&#8221;medium&#8221; alignment=&#8221;center&#8221;][\/vc_column_inner][vc_column_inner width=&#8221;1\/3&#8243;][vc_single_image image=&#8221;8227&#8243; img_size=&#8221;medium&#8221; alignment=&#8221;center&#8221;][\/vc_column_inner][\/vc_row_inner][vc_empty_space][vc_column_text css=&#8221;.vc_custom_1687556316780{margin-bottom: 25px !important;}&#8221;]Resoluci\u00f3n 01630 de 2023 Secretar\u00eda de Educaci\u00f3n Distrital.<br \/>\nAutorizado para Cuota de Aprendizaje SENA<br \/>\nCERTIFICADO DE CALIDAD ICONTEC: CS-CER210973 NTC 5665:2011[\/vc_column_text][\/vc_column][vc_column width=&#8221;1\/2&#8243; el_class=&#8221;about_full-right_width&#8221; css=&#8221;.vc_custom_1621461885397{padding-top: 45px !important;padding-bottom: 95px !important;}&#8221;][vc_column_text css=&#8221;.vc_custom_1621461849719{margin-bottom: 25px !important;}&#8221;]<strong>5 Razones para estudiar en<\/strong> <strong>Centro INCA:<\/strong><\/p>\n<p>&#8211; Gran Descuento en Matr\u00edcula.<\/p>\n<p>&#8211; Clases semipresenciales en ambientes bioseguros.<\/p>\n<p>&#8211; Plataformas tecnol\u00f3gicas en l\u00ednea con instructor y Organizaci\u00f3n Inca.<\/p>\n<p>&#8211; Metodolog\u00eda TDP: Teor\u00eda + Demostraci\u00f3n + Pr\u00e1ctica.<\/p>\n<p>&#8211; Convenio con las mejores empresas.[\/vc_column_text][\/vc_column][\/vc_row][vc_row][vc_column][vc_separator color=&#8221;custom&#8221; accent_color=&#8221;#d8d8d8&#8243;][vc_empty_space][\/vc_column][\/vc_row][vc_row css=&#8221;.vc_custom_1621468469136{margin-bottom: 42px !important;}&#8221;][vc_column width=&#8221;1\/2&#8243; css=&#8221;.vc_custom_1621465073485{padding-top: 23px !important;}&#8221;][stm_icon_box title_color=&#8221;custom&#8221; hide_title_line=&#8221;hide_title_line&#8221; icon=&#8221;fas fa-user-graduate&#8221; style=&#8221;icon_left&#8221; icon_size=&#8221;15&#8243; icon_color=&#8221;custom&#8221; icon_bg_color=&#8221;custom&#8221; icon_width=&#8221;70&#8243; title=&#8221;Tipo de Certificado&#8221; icon_color_custom=&#8221;#ffffff&#8221; css=&#8221;.vc_custom_1699634768958{margin-bottom: 28px !important;}&#8221; title_color_custom=&#8221;#dd0205&#8243; icon_bg_color_custom=&#8221;#dd0205&#8243;]<span style=\"color: #000000;\">T\u00e9cnico laboral por Competencias en Reposter\u00eda, Plastecer\u00eda y Panader\u00eda.<\/span>[\/stm_icon_box][stm_icon_box title_color=&#8221;custom&#8221; hide_title_line=&#8221;hide_title_line&#8221; icon=&#8221;far fa-calendar&#8221; style=&#8221;icon_left&#8221; icon_size=&#8221;15&#8243; icon_color=&#8221;custom&#8221; icon_bg_color=&#8221;custom&#8221; icon_width=&#8221;70&#8243; title=&#8221;Fecha de inicio&#8221; icon_color_custom=&#8221;#ffffff&#8221; css=&#8221;.vc_custom_1724364845107{margin-bottom: 28px !important;}&#8221; title_color_custom=&#8221;#dd0205&#8243; icon_bg_color_custom=&#8221;#dd0205&#8243;]<span id=\"sp_fecha_inicio\" style=\"color: #333333;\">Fecha<\/span>[\/stm_icon_box][stm_icon_box title_color=&#8221;custom&#8221; hide_title_line=&#8221;hide_title_line&#8221; icon=&#8221;far fa-clock&#8221; style=&#8221;icon_left&#8221; icon_size=&#8221;15&#8243; icon_color=&#8221;custom&#8221; icon_bg_color=&#8221;custom&#8221; icon_width=&#8221;70&#8243; title=&#8221;Duraci\u00f3n&#8221; icon_color_custom=&#8221;#ffffff&#8221; css=&#8221;.vc_custom_1699457394870{margin-bottom: 28px !important;}&#8221; title_color_custom=&#8221;#dd0205&#8243; icon_bg_color_custom=&#8221;#dd0205&#8243;]<span style=\"color: #333333;\">Total de horas: 1800<\/span><\/p>\n<p><span style=\"color: #333333;\">Cuatro (4) M\u00f3dulos Acad\u00e9micos y un (1) Periodo de Pr\u00e1cticas Laborales Externas.<\/span>[\/stm_icon_box][stm_icon_box title_color=&#8221;custom&#8221; hide_title_line=&#8221;hide_title_line&#8221; icon=&#8221;far fa-clock&#8221; style=&#8221;icon_left&#8221; icon_size=&#8221;15&#8243; icon_color=&#8221;custom&#8221; icon_bg_color=&#8221;custom&#8221; icon_width=&#8221;70&#8243; title=&#8221;Horarios Disponibles&#8221; icon_color_custom=&#8221;#ffffff&#8221; css=&#8221;.vc_custom_1622057555284{margin-bottom: 28px !important;}&#8221; title_color_custom=&#8221;#dd0205&#8243; icon_bg_color_custom=&#8221;#dd0205&#8243;]<span style=\"color: #333333;\">Lunes a Viernes<\/span><\/p>\n<p><span style=\"color: #333333;\">07:30 am a 09:45 am<\/span><\/p>\n<p><span style=\"color: #333333;\">10:00 am a 12:15 pm<\/span><\/p>\n<p><span style=\"color: #333333;\">01:45 pm a 04:00 pm<\/span><\/p>\n<p><span style=\"color: #333333;\">04:00 pm a 06:15 pm<\/span><\/p>\n<p><span style=\"color: #333333;\">06:45 pm a 09:00 pm<\/span><\/p>\n<p>&nbsp;<\/p>\n<p><span style=\"color: #333333;\">S\u00e1bados<\/span><\/p>\n<p><span style=\"color: #333333;\">07:00 am a 01:45 pm<\/span><\/p>\n<p><span style=\"color: #333333;\">12:15 pm a 07:00 pm<\/span>[\/stm_icon_box][stm_icon_box title_color=&#8221;custom&#8221; hide_title_line=&#8221;hide_title_line&#8221; icon=&#8221;far fa-clock&#8221; style=&#8221;icon_left&#8221; icon_size=&#8221;15&#8243; icon_color=&#8221;custom&#8221; icon_bg_color=&#8221;custom&#8221; icon_width=&#8221;70&#8243; title=&#8221;Modalidad de Clases&#8221; icon_color_custom=&#8221;#ffffff&#8221; css=&#8221;.vc_custom_1654554922721{margin-bottom: 28px !important;}&#8221; title_color_custom=&#8221;#dd0205&#8243; icon_bg_color_custom=&#8221;#dd0205&#8243;]Presencial[\/stm_icon_box][\/vc_column][vc_column width=&#8221;1\/2&#8243;][vc_custom_heading stripe_pos=&#8221;hide&#8221; text=&#8221;Financia tu matr\u00edcula&#8221; font_container=&#8221;tag:h6|text_align:left|color:%23dd0205&#8243; use_theme_fonts=&#8221;yes&#8221;][vc_column_text]Paga de contado con cr\u00e9dito educativo y gana un gran descuento[\/vc_column_text][vc_single_image image=&#8221;10342&#8243; img_size=&#8221;full&#8221;][vc_btn title=&#8221;Conocer costos&#8221; style=&#8221;outline-custom&#8221; outline_custom_color=&#8221;#dd0205&#8243; outline_custom_hover_background=&#8221;#ba0101&#8243; outline_custom_hover_text=&#8221;#ffffff&#8221; align=&#8221;center&#8221; i_icon_fontawesome=&#8221;fas fa-dollar-sign&#8221; button_block=&#8221;true&#8221; add_icon=&#8221;true&#8221; link=&#8221;url:https%3A%2F%2Fcentroinca.com%2Fcentroinca%2Fcostos-educativos%2F|title:Conocer%20costos|target:_blank&#8221;][vc_empty_space height=&#8221;2px&#8221;][vc_btn title=&#8221;Matric\u00falate aqu\u00ed&#8221; style=&#8221;custom&#8221; custom_background=&#8221;#dd0205&#8243; custom_text=&#8221;#ffffff&#8221; size=&#8221;sm&#8221; align=&#8221;center&#8221; button_block=&#8221;true&#8221; link=&#8221;url:https%3A%2F%2Fwww.centroinca.net%2Fpattern.php%3Fform%3Dadmisiones_informacion.php%26codigo_programa%3D120|target:_blank&#8221;][vc_empty_space height=&#8221;30px&#8221;][stm_info_box icon=&#8221;fas fa-chevron-right&#8221; image=&#8221;10494&#8243; vc_image_size=&#8221;full&#8221; link=&#8221;url:https%3A%2F%2Fcentroinca.com%2Fcentroinca%2Frecupera-tu-inversion%2F|title:Conocer%20m%C3%A1s&#8221;]<\/p>\n<h4><span style=\"color: #dd0205;\">Estudia en Corto Tiempo y recupera tu inversi\u00f3n con las pr\u00e1cticas Laborales<\/span><\/h4>\n<p>[\/stm_info_box][\/vc_column][\/vc_row][vc_row full_width=&#8221;stretch_row&#8221; el_class=&#8221;third_bg_color&#8221; css=&#8221;.vc_custom_1622057582640{margin-top: 20px !important;background-color: #dd0205 !important;}&#8221;][vc_column][vc_empty_space height=&#8221;30px&#8221;][vc_row_inner][vc_column_inner width=&#8221;5\/12&#8243;][vc_column_text]<\/p>\n<h3><span style=\"color: #ffffff;\">Perfil Ocupacional<\/span><\/h3>\n<p>[\/vc_column_text][vc_column_text]<span style=\"color: #ebebeb;\">T\u00e9cnico Laboral con la capacidad de elaborar alimentos de pasteler\u00eda, Pasticcer\u00eda y panader\u00eda cumpliendo las normas de higiene y controlando las materias primas, presentando el producto al cliente para ejecutar la venta; con actitud \u00e9tica, reconociendo su papel en la sociedad, en la instituci\u00f3n para la que trabaja y en la familia; que quiere su cuerpo y comprende la diversidad cultural en la que est\u00e1 inmerso, alto sentido de responsabilidad, buen manejo de las relaciones interpersonales; con la capacidad de actuar o desempe\u00f1arse en una determinada situaci\u00f3n, con pleno control de \u00e9sta, de manera aut\u00f3noma y conforme a lo esperado por la empresa.<\/span>[\/vc_column_text][vc_empty_space height=&#8221;30px&#8221;][\/vc_column_inner][vc_column_inner width=&#8221;1\/12&#8243;][\/vc_column_inner][vc_column_inner width=&#8221;1\/2&#8243;][vc_column_text]<\/p>\n<h3><span style=\"color: #ffffff;\">Testimonios<\/span><\/h3>\n<p>[\/vc_column_text][vc_raw_html]JTNDaWZyYW1lJTIwd2lkdGglM0QlMjI1NjAlMjIlMjBoZWlnaHQlM0QlMjIzMTUlMjIlMjBzcmMlM0QlMjJodHRwcyUzQSUyRiUyRnd3dy55b3V0dWJlLmNvbSUyRmVtYmVkJTJGdEhyVFQ5Wm9ud00lMjIlMjB0aXRsZSUzRCUyMllvdVR1YmUlMjB2aWRlbyUyMHBsYXllciUyMiUyMGZyYW1lYm9yZGVyJTNEJTIyMCUyMiUyMGFsbG93JTNEJTIyYWNjZWxlcm9tZXRlciUzQiUyMGF1dG9wbGF5JTNCJTIwY2xpcGJvYXJkLXdyaXRlJTNCJTIwZW5jcnlwdGVkLW1lZGlhJTNCJTIwZ3lyb3Njb3BlJTNCJTIwcGljdHVyZS1pbi1waWN0dXJlJTIyJTIwYWxsb3dmdWxsc2NyZWVuJTNFJTNDJTJGaWZyYW1lJTNF[\/vc_raw_html][vc_empty_space height=&#8221;30px&#8221;][vc_column_text]<span style=\"color: #ebebeb;\">Magaly Molina<\/span><\/p>\n<p><span style=\"color: #ebebeb;\">Restaurante Pago de Mango<\/span>[\/vc_column_text][vc_empty_space height=&#8221;30px&#8221;][\/vc_column_inner][\/vc_row_inner][\/vc_column][\/vc_row][vc_row full_width=&#8221;stretch_row_content&#8221; css=&#8221;.vc_custom_1621465657349{background-color: #e8e8e8 !important;}&#8221; el_class=&#8221;third_bg_color&#8221;][vc_column css=&#8221;.vc_custom_1621466088842{margin-bottom: 30px !important;}&#8221;][vc_custom_heading icon_pos=&#8221;top&#8221; stripe_pos=&#8221;hide&#8221; text=&#8221;\u00c1reas de desempe\u00f1o&#8221; font_container=&#8221;tag:h3|text_align:center|color:%23dd0205&#8243; use_theme_fonts=&#8221;yes&#8221; css=&#8221;.vc_custom_1622057591655{margin-bottom: 25px !important;padding-top: 30px !important;}&#8221;][\/vc_column][\/vc_row][vc_row full_width=&#8221;stretch_row&#8221; css=&#8221;.vc_custom_1621465676849{padding-bottom: 60px !important;background-color: #e8e8e8 !important;}&#8221;][vc_column width=&#8221;1\/5&#8243;][vc_icon icon_fontawesome=&#8221;far fa-star&#8221; color=&#8221;custom&#8221; background_style=&#8221;rounded&#8221; background_color=&#8221;custom&#8221; size=&#8221;sm&#8221; custom_color=&#8221;#ffffff&#8221; custom_background_color=&#8221;#dd0205&#8243;][vc_column_text]Pastelero[\/vc_column_text][\/vc_column][vc_column width=&#8221;1\/5&#8243;][vc_icon icon_fontawesome=&#8221;far fa-star&#8221; color=&#8221;custom&#8221; background_style=&#8221;rounded&#8221; background_color=&#8221;custom&#8221; size=&#8221;sm&#8221; custom_color=&#8221;#ffffff&#8221; custom_background_color=&#8221;#dd0205&#8243;][vc_column_text]Repostero[\/vc_column_text][\/vc_column][vc_column width=&#8221;1\/5&#8243;][vc_icon icon_fontawesome=&#8221;far fa-star&#8221; color=&#8221;custom&#8221; background_style=&#8221;rounded&#8221; background_color=&#8221;custom&#8221; size=&#8221;sm&#8221; custom_color=&#8221;#ffffff&#8221; custom_background_color=&#8221;#dd0205&#8243;][vc_column_text]Galletero[\/vc_column_text][\/vc_column][vc_column width=&#8221;1\/5&#8243;][vc_icon icon_fontawesome=&#8221;far fa-star&#8221; color=&#8221;custom&#8221; background_style=&#8221;rounded&#8221; background_color=&#8221;custom&#8221; size=&#8221;sm&#8221; custom_color=&#8221;#ffffff&#8221; custom_background_color=&#8221;#dd0205&#8243;][vc_column_text]Panadero[\/vc_column_text][\/vc_column][vc_column width=&#8221;1\/5&#8243;][vc_icon icon_fontawesome=&#8221;far fa-star&#8221; color=&#8221;custom&#8221; background_style=&#8221;rounded&#8221; background_color=&#8221;custom&#8221; size=&#8221;sm&#8221; custom_color=&#8221;#ffffff&#8221; custom_background_color=&#8221;#dd0205&#8243;][vc_column_text]Pizzero[\/vc_column_text][\/vc_column][\/vc_row][vc_row full_width=&#8221;stretch_row&#8221; gap=&#8221;35&#8243; equal_height=&#8221;yes&#8221; el_class=&#8221;about-bg-right&#8221; css=&#8221;.vc_custom_1621466966505{margin-top: 20px !important;margin-bottom: 32px !important;}&#8221;][vc_column width=&#8221;1\/2&#8243;][vc_custom_heading icon=&#8221;fas fa-book-reader&#8221; icon_size=&#8221;30&#8243; stripe_pos=&#8221;hide&#8221; text=&#8221;Plan de estudio&#8221; font_container=&#8221;tag:h3|text_align:left|color:%23dd0205&#8243; use_theme_fonts=&#8221;yes&#8221; css=&#8221;.vc_custom_1622057600344{margin-top: 20px !important;margin-bottom: 25px !important;}&#8221;][vc_column_text css=&#8221;.vc_custom_1699456843746{margin-bottom: 25px !important;}&#8221;]<strong>M\u00f3dulos<\/strong><\/p>\n<p>Administraci\u00f3n y Ventas<\/p>\n<p>Panificaci\u00f3n<\/p>\n<p>Pasteler\u00eda<\/p>\n<p>Reposter\u00eda<\/p>\n<p>&nbsp;<\/p>\n<p><strong>Pr\u00e1ctica Laboral<\/strong><\/p>\n<p>Pr\u00e1ctica Laboral Externa[\/vc_column_text][\/vc_column][vc_column width=&#8221;1\/2&#8243;][vc_custom_heading icon=&#8221;fas fa-handshake&#8221; icon_size=&#8221;30&#8243; stripe_pos=&#8221;hide&#8221; text=&#8221;Pr\u00e1cticas&#8221; font_container=&#8221;tag:h3|text_align:left|color:%23dd0205&#8243; use_theme_fonts=&#8221;yes&#8221; css=&#8221;.vc_custom_1622057607834{margin-top: 20px !important;margin-bottom: 25px !important;}&#8221;][vc_column_text css=&#8221;.vc_custom_1699456859906{margin-bottom: 25px !important;}&#8221;]<strong>Pr\u00e1cticas Laborales Externas<\/strong><\/p>\n<p><strong>Testimonios de empresario y egresados<\/strong>[\/vc_column_text][\/vc_column][\/vc_row][vc_row full_width=&#8221;stretch_row&#8221; gap=&#8221;35&#8243; equal_height=&#8221;yes&#8221; css=&#8221;.vc_custom_1621467974550{background-color: #e8e8e8 !important;}&#8221; el_class=&#8221;about-bg-right&#8221;][vc_column width=&#8221;1\/2&#8243; css=&#8221;.vc_custom_1621466088842{margin-bottom: 30px !important;}&#8221;][vc_custom_heading stripe_pos=&#8221;hide&#8221; text=&#8221;\u00bfC\u00f3mo me matriculo?&#8221; font_container=&#8221;tag:h3|text_align:left|color:%23dd0205&#8243; use_theme_fonts=&#8221;yes&#8221; css=&#8221;.vc_custom_1622057654495{margin-top: 20px !important;margin-bottom: 25px !important;}&#8221;][vc_column_text css=&#8221;.vc_custom_1621957728091{margin-bottom: 25px !important;}&#8221;]Para matricularte recuerda seguir paso a paso nuestros requisitos. Ingresa al siguiente bot\u00f3n y sigue nuestro paso a paso (aplica para estudiantes nuevos y antiguos).[\/vc_column_text][vc_btn title=&#8221;Leer m\u00e1s&#8221; style=&#8221;custom&#8221; custom_background=&#8221;#dd0205&#8243; custom_text=&#8221;#ffffff&#8221; size=&#8221;sm&#8221; align=&#8221;left&#8221; link=&#8221;url:https%3A%2F%2Fcentroinca.com%2Fcentroinca%2Fcomo-matriculo%2F|title:Leer%20m%C3%A1s&#8221;][\/vc_column][vc_column width=&#8221;1\/2&#8243;][vc_single_image image=&#8221;7913&#8243; img_size=&#8221;medium&#8221; style=&#8221;vc_box_rounded&#8221;][\/vc_column][\/vc_row][vc_row full_width=&#8221;stretch_row&#8221; el_class=&#8221;third_bg_color&#8221; css=&#8221;.vc_custom_1622057686386{background-color: #dd0205 !important;}&#8221;][vc_column][vc_empty_space height=&#8221;30px&#8221;][vc_row_inner][vc_column_inner width=&#8221;5\/12&#8243;][vc_custom_heading stripe_pos=&#8221;hide&#8221; text=&#8221;Cronograma de inducci\u00f3n&#8221; font_container=&#8221;tag:h3|text_align:left|color:%23ffffff&#8221; use_theme_fonts=&#8221;yes&#8221; css=&#8221;.vc_custom_1621468131489{margin-top: 5px !important;margin-bottom: 25px !important;}&#8221; subtitle_color=&#8221;#ffffff&#8221;][vc_column_text]<span id=\"sp_fecha_induccion\" style=\"color: #ebebeb;\">Fecha Inducci\u00f3n<\/span><br \/>\n<span id=\"sp_hora_induccion\" style=\"color: #ebebeb;\">Hora Inducci\u00f3n<\/span><br \/>\n<span id=\"sp_lugar_induccion\" style=\"color: #ebebeb;\">Lugar Inducci\u00f3n<\/span>[\/vc_column_text][\/vc_column_inner][vc_column_inner width=&#8221;1\/12&#8243;][\/vc_column_inner][vc_column_inner width=&#8221;1\/2&#8243;][vc_empty_space height=&#8221;30px&#8221;][vc_column_text]<strong><span style=\"color: #ffffff;\" data-sheets-value=\"{&quot;1&quot;:2,&quot;2&quot;:&quot;Reuni\u00f3n Virtual a trav\u00e9s de Plataforma ZOOM&quot;}\" data-sheets-userformat=\"{&quot;2&quot;:897,&quot;3&quot;:{&quot;1&quot;:0},&quot;10&quot;:0,&quot;11&quot;:4,&quot;12&quot;:0}\">Conoce nuestras instalaciones en 360\u00ba<\/span><\/strong><\/p>\n<p><span style=\"color: #ffffff;\">Navega con nuestro recorrido virtual<\/span>[\/vc_column_text][vc_single_image image=&#8221;7277&#8243; img_size=&#8221;large&#8221; style=&#8221;vc_box_rounded&#8221; onclick=&#8221;custom_link&#8221; img_link_target=&#8221;_blank&#8221; link=&#8221;https:\/\/www.youtube.com\/watch?v=XIOEYTSgAe0&amp;ab_channel=CentroInca&#8221;][vc_empty_space height=&#8221;30px&#8221;][\/vc_column_inner][\/vc_row_inner][\/vc_column][\/vc_row][vc_row full_width=&#8221;stretch_row&#8221; gap=&#8221;35&#8243; equal_height=&#8221;yes&#8221; css=&#8221;.vc_custom_1621467974550{background-color: #e8e8e8 !important;}&#8221; el_class=&#8221;about-bg-right&#8221;][vc_column css=&#8221;.vc_custom_1621466088842{margin-bottom: 30px !important;}&#8221;][vc_custom_heading stripe_pos=&#8221;hide&#8221; text=&#8221;Observaciones&#8221; font_container=&#8221;tag:h3|text_align:left|color:%23dd0205&#8243; use_theme_fonts=&#8221;yes&#8221; css=&#8221;.vc_custom_1630529158891{margin-top: 20px !important;margin-bottom: 25px !important;}&#8221;][vc_row_inner][vc_column_inner width=&#8221;1\/2&#8243;][vc_column_text css=&#8221;.vc_custom_1624660855753{margin-bottom: 25px !important;}&#8221;]<strong>Observaci\u00f3n<\/strong><br \/>\nPresencial organizada por m\u00f3dulos de secuencia no regulada.<\/p>\n<p><strong>Nota<\/strong><br \/>\nEl contrato de aprendizaje por reconocimiento SENA de este programa, no obliga a CENTRO INCA a otorg\u00e1rselo a todo estudiante que se matricule en el programa reconocido, depender\u00e1 de sus resultados acad\u00e9micos, la disponibilidad de cupo en las empresas y la continuidad del reconocimiento del SENA.[\/vc_column_text][\/vc_column_inner][vc_column_inner width=&#8221;1\/2&#8243;][vc_column_text]<strong>Requerimientos<\/strong><br \/>\nLa pr\u00e1ctica Laboral externa tendr\u00e1 un costo similar al per\u00edodo acad\u00e9mico vigente, acorde a lo establecido en el Reglamento Institucional y acorde a la normatividad vigente.[\/vc_column_text][\/vc_column_inner][\/vc_row_inner][vc_row_inner][vc_column_inner][vc_column_text]La inspecci\u00f3n y vigilancia de este programa est\u00e1 a cargo de la Secretar\u00eda de Educaci\u00f3n Distrital.[\/vc_column_text][\/vc_column_inner][\/vc_row_inner][\/vc_column][\/vc_row][vc_row][vc_column][vc_raw_js]JTNDc2NyaXB0JTNFJTBBJTBBalF1ZXJ5JTI4ZG9jdW1lbnQlMjkucmVhZHklMjhmdW5jdGlvbiUyOCUyMCUyNCUyMCUyOSU3QiUwQSUwQSUyMCUyMCUyMCUyMCUyMCUyMCUyMCUyMCUyNC5hamF4JTI4JTdCJTBBJTIwJTIwJTIwJTIwJTIwJTIwJTIwJTIwJTIwJTIwdHlwZSUzQSUyMCUyN0dFVCUyNyUyQyUwQSUyMCUyMCUyMCUyMCUyMCUyMCUyMCUyMCUyMCUyMGFzeW5jJTNBJTIwZmFsc2UlMkMlMEElMjAlMjAlMjAlMjAlMjAlMjAlMjAlMjAlMjAlMjB1cmwlM0ElMjAlMjdodHRwcyUzQSUyRiUyRndlYmFwaS5jZW50cm9pbmNhLmNvJTJGYXBpJTJGcHJvZ3JhbWFzJTJGMTM4JTI3JTJDJTBBJTIwJTIwJTIwJTIwJTIwJTIwJTIwJTIwJTIwJTIwc3VjY2VzcyUzQSUyMGZ1bmN0aW9uJTI4ZGF0YSUyOSU3QiUwQSUyMCUyMCUyMCUyMCUyMCUyMCUyMCUyMCUyMCUyMCUyMCUyMCUyMCUyMCUyNCUyOCUyNyUyM3NwX2ZlY2hhX2luaWNpbyUyNyUyOS50ZXh0JTI4ZGF0YS5mZWNoYV9pbmljaW8lMjklM0IlMEElMjAlMjAlMjAlMjAlMjAlMjAlMjAlMjAlMjAlMjAlMjAlMjAlMjAlMjAlMjQlMjglMjclMjNzcF9ob3JhX2luZHVjY2lvbiUyNyUyOS50ZXh0JTI4JTIySG9yYSUzQSUyMCUyMiUyMCUyQiUyMGRhdGEuaG9yYV9pbmR1Y2Npb24lMjklM0IlMEElMjAlMjAlMjAlMjAlMjAlMjAlMjAlMjAlMjAlMjAlMjAlMjAlMjAlMjAlMjQlMjglMjclMjNzcF9mZWNoYV9pbmR1Y2Npb24lMjclMjkudGV4dCUyOCUyMkZlY2hhJTNBJTIwJTIyJTIwJTJCJTIwZGF0YS5mZWNoYV9pbmR1Y2Npb24lMjklM0IlMEElMjAlMjAlMjAlMjAlMjAlMjAlMjAlMjAlMjAlMjAlMjAlMjAlMjAlMjAlMjQlMjglMjclMjNzcF9sdWdhcl9pbmR1Y2Npb24lMjclMjkudGV4dCUyOCUyMkx1Z2FyJTNBJTIwJTIyJTIwJTJCJTIwZGF0YS5sdWdhcl9pbmR1Y2Npb24lMjklM0IlMEElMjAlMjAlMjAlMjAlMjAlMjAlMjAlMjAlMjAlMjAlN0QlMkMlMEElMjAlMjAlMjAlMjAlMjAlMjAlMjAlMjAlMjAlMjBkYXRhVHlwZSUzQSUyMCUyN2pzb24lMjclMEElMjAlMjAlMjAlMjAlMjAlMjAlMjAlMjAlN0QlMjklM0IlMjAlMjAlMjAlMEElMEElMjAlMjAlMjAlMjAlMEElN0QlMjklM0IlMEElMEElM0MlMkZzY3JpcHQlM0U=[\/vc_raw_js][\/vc_column][\/vc_row]<\/p>\n<\/div>","protected":false},"excerpt":{"rendered":"<p>[vc_row][vc_column][stm_spacing lg_spacing=&#8221;65&#8243; md_spacing=&#8221;60&#8243; sm_spacing=&#8221;50&#8243; xs_spacing=&#8221;30&#8243;][vc_custom_heading stripe_pos=&#8221;hide&#8221; text=&#8221;T\u00e9cnico Laboral por Competencias en Reposter\u00eda, Pasticcer\u00eda y Panader\u00eda&#8221; font_container=&#8221;tag:h3|text_align:center|color:%23dd0205&#8243; use_theme_fonts=&#8221;yes&#8221;][stm_spacing lg_spacing=&#8221;17&#8243; md_spacing=&#8221;17&#8243; sm_spacing=&#8221;17&#8243; xs_spacing=&#8221;17&#8243;][\/vc_column][\/vc_row][vc_row full_width=&#8221;stretch_row_content_no_spaces&#8221;][vc_column][vc_single_image image=&#8221;11605&#8243; img_size=&#8221;full&#8221; alignment=&#8221;center&#8221;][\/vc_column][\/vc_row][vc_row full_width=&#8221;stretch_row&#8221; gap=&#8221;35&#8243; equal_height=&#8221;yes&#8221; el_class=&#8221;about-bg-right&#8221; css=&#8221;.vc_custom_1621460511731{margin-bottom: 32px !important;}&#8221;][vc_column width=&#8221;1\/2&#8243;][vc_custom_heading text=&#8221;Beneficios del programa&#8221; font_container=&#8221;tag:h3|text_align:left|color:%23dd0205&#8243; use_theme_fonts=&#8221;yes&#8221; css=&#8221;.vc_custom_1622057424213{margin-top: 20px !important;margin-bottom: 25px !important;}&#8221;][vc_column_text css=&#8221;.vc_custom_1624728682298{margin-bottom: 25px !important;}&#8221;]Desarrollar en los estudiantes del programa Reposter\u00eda, Pasticcer\u00eda y Panader\u00eda<\/p>\n","protected":false},"author":1,"featured_media":0,"parent":0,"menu_order":0,"comment_status":"closed","ping_status":"closed","template":"","meta":{"footnotes":""},"class_list":["post-8532","page","type-page","status-publish","hentry"],"yoast_head":"<!-- This site is optimized with the Yoast SEO plugin v27.4 - https:\/\/yoast.com\/product\/yoast-seo-wordpress\/ -->\n<title>Estudia T\u00e9cnico Laboral por Competencias en Reposter\u00eda, Pasticcer\u00eda y Panader\u00eda en Barranquilla - Centro Inca<\/title>\n<meta name=\"robots\" content=\"index, follow, max-snippet:-1, max-image-preview:large, max-video-preview:-1\" \/>\n<link rel=\"canonical\" href=\"https:\/\/centroinca.com\/centroinca\/tecnico-laboral-por-competencias-en-reposteria-pasticceria-y-panaderia\/\" \/>\n<meta property=\"og:locale\" content=\"es_ES\" \/>\n<meta property=\"og:type\" content=\"article\" \/>\n<meta property=\"og:title\" content=\"Estudia T\u00e9cnico Laboral por Competencias en Reposter\u00eda, Pasticcer\u00eda y Panader\u00eda en Barranquilla - Centro Inca\" \/>\n<meta property=\"og:description\" content=\"[vc_row][vc_column][stm_spacing lg_spacing=&#8221;65&#8243; md_spacing=&#8221;60&#8243; sm_spacing=&#8221;50&#8243; xs_spacing=&#8221;30&#8243;][vc_custom_heading stripe_pos=&#8221;hide&#8221; text=&#8221;T\u00e9cnico Laboral por Competencias en Reposter\u00eda, Pasticcer\u00eda y Panader\u00eda&#8221; font_container=&#8221;tag:h3|text_align:center|color:%23dd0205&#8243; use_theme_fonts=&#8221;yes&#8221;][stm_spacing lg_spacing=&#8221;17&#8243; md_spacing=&#8221;17&#8243; sm_spacing=&#8221;17&#8243; xs_spacing=&#8221;17&#8243;][\/vc_column][\/vc_row][vc_row full_width=&#8221;stretch_row_content_no_spaces&#8221;][vc_column][vc_single_image image=&#8221;11605&#8243; img_size=&#8221;full&#8221; alignment=&#8221;center&#8221;][\/vc_column][\/vc_row][vc_row full_width=&#8221;stretch_row&#8221; gap=&#8221;35&#8243; equal_height=&#8221;yes&#8221; el_class=&#8221;about-bg-right&#8221; css=&#8221;.vc_custom_1621460511731{margin-bottom: 32px !important;}&#8221;][vc_column width=&#8221;1\/2&#8243;][vc_custom_heading text=&#8221;Beneficios del programa&#8221; font_container=&#8221;tag:h3|text_align:left|color:%23dd0205&#8243; use_theme_fonts=&#8221;yes&#8221; css=&#8221;.vc_custom_1622057424213{margin-top: 20px !important;margin-bottom: 25px !important;}&#8221;][vc_column_text css=&#8221;.vc_custom_1624728682298{margin-bottom: 25px !important;}&#8221;]Desarrollar en los estudiantes del programa Reposter\u00eda, Pasticcer\u00eda y Panader\u00eda\" \/>\n<meta property=\"og:url\" content=\"https:\/\/centroinca.com\/centroinca\/tecnico-laboral-por-competencias-en-reposteria-pasticceria-y-panaderia\/\" \/>\n<meta property=\"og:site_name\" content=\"Centro Inca\" \/>\n<meta property=\"article:modified_time\" content=\"2024-08-22T22:14:42+00:00\" \/>\n<meta name=\"twitter:card\" content=\"summary_large_image\" \/>\n<meta name=\"twitter:label1\" content=\"Tiempo de lectura\" \/>\n\t<meta name=\"twitter:data1\" content=\"12 minutos\" \/>\n<script type=\"application\/ld+json\" class=\"yoast-schema-graph\">{\"@context\":\"https:\\\/\\\/schema.org\",\"@graph\":[{\"@type\":\"WebPage\",\"@id\":\"https:\\\/\\\/centroinca.com\\\/centroinca\\\/tecnico-laboral-por-competencias-en-reposteria-pasticceria-y-panaderia\\\/\",\"url\":\"https:\\\/\\\/centroinca.com\\\/centroinca\\\/tecnico-laboral-por-competencias-en-reposteria-pasticceria-y-panaderia\\\/\",\"name\":\"Estudia T\u00e9cnico Laboral por Competencias en Reposter\u00eda, Pasticcer\u00eda y Panader\u00eda en Barranquilla - Centro Inca\",\"isPartOf\":{\"@id\":\"https:\\\/\\\/centroinca.com\\\/centroinca\\\/#website\"},\"datePublished\":\"2021-06-26T17:42:52+00:00\",\"dateModified\":\"2024-08-22T22:14:42+00:00\",\"breadcrumb\":{\"@id\":\"https:\\\/\\\/centroinca.com\\\/centroinca\\\/tecnico-laboral-por-competencias-en-reposteria-pasticceria-y-panaderia\\\/#breadcrumb\"},\"inLanguage\":\"es\",\"potentialAction\":[{\"@type\":\"ReadAction\",\"target\":[\"https:\\\/\\\/centroinca.com\\\/centroinca\\\/tecnico-laboral-por-competencias-en-reposteria-pasticceria-y-panaderia\\\/\"]}]},{\"@type\":\"BreadcrumbList\",\"@id\":\"https:\\\/\\\/centroinca.com\\\/centroinca\\\/tecnico-laboral-por-competencias-en-reposteria-pasticceria-y-panaderia\\\/#breadcrumb\",\"itemListElement\":[{\"@type\":\"ListItem\",\"position\":1,\"name\":\"Inicio\",\"item\":\"https:\\\/\\\/centroinca.com\\\/centroinca\\\/\"},{\"@type\":\"ListItem\",\"position\":2,\"name\":\"Estudia T\u00e9cnico Laboral por Competencias en Reposter\u00eda, Pasticcer\u00eda y Panader\u00eda en Barranquilla\"}]},{\"@type\":\"WebSite\",\"@id\":\"https:\\\/\\\/centroinca.com\\\/centroinca\\\/#website\",\"url\":\"https:\\\/\\\/centroinca.com\\\/centroinca\\\/\",\"name\":\"Centro Inca\",\"description\":\"Tu camino al \u00e9xito - Estudia Programas T\u00e9cnicos Laborales en Barranquillla\",\"publisher\":{\"@id\":\"https:\\\/\\\/centroinca.com\\\/centroinca\\\/#organization\"},\"potentialAction\":[{\"@type\":\"SearchAction\",\"target\":{\"@type\":\"EntryPoint\",\"urlTemplate\":\"https:\\\/\\\/centroinca.com\\\/centroinca\\\/?s={search_term_string}\"},\"query-input\":{\"@type\":\"PropertyValueSpecification\",\"valueRequired\":true,\"valueName\":\"search_term_string\"}}],\"inLanguage\":\"es\"},{\"@type\":\"Organization\",\"@id\":\"https:\\\/\\\/centroinca.com\\\/centroinca\\\/#organization\",\"name\":\"Centro Inca\",\"url\":\"https:\\\/\\\/centroinca.com\\\/centroinca\\\/\",\"logo\":{\"@type\":\"ImageObject\",\"inLanguage\":\"es\",\"@id\":\"https:\\\/\\\/centroinca.com\\\/centroinca\\\/#\\\/schema\\\/logo\\\/image\\\/\",\"url\":\"https:\\\/\\\/centroinca.com\\\/centroinca\\\/wp-content\\\/uploads\\\/2019\\\/09\\\/LOGO-CENTRO-INCA-POSITIVO.png\",\"contentUrl\":\"https:\\\/\\\/centroinca.com\\\/centroinca\\\/wp-content\\\/uploads\\\/2019\\\/09\\\/LOGO-CENTRO-INCA-POSITIVO.png\",\"width\":1377,\"height\":546,\"caption\":\"Centro Inca\"},\"image\":{\"@id\":\"https:\\\/\\\/centroinca.com\\\/centroinca\\\/#\\\/schema\\\/logo\\\/image\\\/\"}}]}<\/script>\n<!-- \/ Yoast SEO plugin. -->","yoast_head_json":{"title":"Estudia T\u00e9cnico Laboral por Competencias en Reposter\u00eda, Pasticcer\u00eda y Panader\u00eda en Barranquilla - Centro Inca","robots":{"index":"index","follow":"follow","max-snippet":"max-snippet:-1","max-image-preview":"max-image-preview:large","max-video-preview":"max-video-preview:-1"},"canonical":"https:\/\/centroinca.com\/centroinca\/tecnico-laboral-por-competencias-en-reposteria-pasticceria-y-panaderia\/","og_locale":"es_ES","og_type":"article","og_title":"Estudia T\u00e9cnico Laboral por Competencias en Reposter\u00eda, Pasticcer\u00eda y Panader\u00eda en Barranquilla - Centro Inca","og_description":"[vc_row][vc_column][stm_spacing lg_spacing=&#8221;65&#8243; md_spacing=&#8221;60&#8243; sm_spacing=&#8221;50&#8243; xs_spacing=&#8221;30&#8243;][vc_custom_heading stripe_pos=&#8221;hide&#8221; text=&#8221;T\u00e9cnico Laboral por Competencias en Reposter\u00eda, Pasticcer\u00eda y Panader\u00eda&#8221; font_container=&#8221;tag:h3|text_align:center|color:%23dd0205&#8243; use_theme_fonts=&#8221;yes&#8221;][stm_spacing lg_spacing=&#8221;17&#8243; md_spacing=&#8221;17&#8243; sm_spacing=&#8221;17&#8243; xs_spacing=&#8221;17&#8243;][\/vc_column][\/vc_row][vc_row full_width=&#8221;stretch_row_content_no_spaces&#8221;][vc_column][vc_single_image image=&#8221;11605&#8243; img_size=&#8221;full&#8221; alignment=&#8221;center&#8221;][\/vc_column][\/vc_row][vc_row full_width=&#8221;stretch_row&#8221; gap=&#8221;35&#8243; equal_height=&#8221;yes&#8221; el_class=&#8221;about-bg-right&#8221; css=&#8221;.vc_custom_1621460511731{margin-bottom: 32px !important;}&#8221;][vc_column width=&#8221;1\/2&#8243;][vc_custom_heading text=&#8221;Beneficios del programa&#8221; font_container=&#8221;tag:h3|text_align:left|color:%23dd0205&#8243; use_theme_fonts=&#8221;yes&#8221; css=&#8221;.vc_custom_1622057424213{margin-top: 20px !important;margin-bottom: 25px !important;}&#8221;][vc_column_text css=&#8221;.vc_custom_1624728682298{margin-bottom: 25px !important;}&#8221;]Desarrollar en los estudiantes del programa Reposter\u00eda, Pasticcer\u00eda y Panader\u00eda","og_url":"https:\/\/centroinca.com\/centroinca\/tecnico-laboral-por-competencias-en-reposteria-pasticceria-y-panaderia\/","og_site_name":"Centro Inca","article_modified_time":"2024-08-22T22:14:42+00:00","twitter_card":"summary_large_image","twitter_misc":{"Tiempo de lectura":"12 minutos"},"schema":{"@context":"https:\/\/schema.org","@graph":[{"@type":"WebPage","@id":"https:\/\/centroinca.com\/centroinca\/tecnico-laboral-por-competencias-en-reposteria-pasticceria-y-panaderia\/","url":"https:\/\/centroinca.com\/centroinca\/tecnico-laboral-por-competencias-en-reposteria-pasticceria-y-panaderia\/","name":"Estudia T\u00e9cnico Laboral por Competencias en Reposter\u00eda, Pasticcer\u00eda y Panader\u00eda en Barranquilla - Centro Inca","isPartOf":{"@id":"https:\/\/centroinca.com\/centroinca\/#website"},"datePublished":"2021-06-26T17:42:52+00:00","dateModified":"2024-08-22T22:14:42+00:00","breadcrumb":{"@id":"https:\/\/centroinca.com\/centroinca\/tecnico-laboral-por-competencias-en-reposteria-pasticceria-y-panaderia\/#breadcrumb"},"inLanguage":"es","potentialAction":[{"@type":"ReadAction","target":["https:\/\/centroinca.com\/centroinca\/tecnico-laboral-por-competencias-en-reposteria-pasticceria-y-panaderia\/"]}]},{"@type":"BreadcrumbList","@id":"https:\/\/centroinca.com\/centroinca\/tecnico-laboral-por-competencias-en-reposteria-pasticceria-y-panaderia\/#breadcrumb","itemListElement":[{"@type":"ListItem","position":1,"name":"Inicio","item":"https:\/\/centroinca.com\/centroinca\/"},{"@type":"ListItem","position":2,"name":"Estudia T\u00e9cnico Laboral por Competencias en Reposter\u00eda, Pasticcer\u00eda y Panader\u00eda en Barranquilla"}]},{"@type":"WebSite","@id":"https:\/\/centroinca.com\/centroinca\/#website","url":"https:\/\/centroinca.com\/centroinca\/","name":"Centro Inca","description":"Tu camino al \u00e9xito - Estudia Programas T\u00e9cnicos Laborales en Barranquillla","publisher":{"@id":"https:\/\/centroinca.com\/centroinca\/#organization"},"potentialAction":[{"@type":"SearchAction","target":{"@type":"EntryPoint","urlTemplate":"https:\/\/centroinca.com\/centroinca\/?s={search_term_string}"},"query-input":{"@type":"PropertyValueSpecification","valueRequired":true,"valueName":"search_term_string"}}],"inLanguage":"es"},{"@type":"Organization","@id":"https:\/\/centroinca.com\/centroinca\/#organization","name":"Centro Inca","url":"https:\/\/centroinca.com\/centroinca\/","logo":{"@type":"ImageObject","inLanguage":"es","@id":"https:\/\/centroinca.com\/centroinca\/#\/schema\/logo\/image\/","url":"https:\/\/centroinca.com\/centroinca\/wp-content\/uploads\/2019\/09\/LOGO-CENTRO-INCA-POSITIVO.png","contentUrl":"https:\/\/centroinca.com\/centroinca\/wp-content\/uploads\/2019\/09\/LOGO-CENTRO-INCA-POSITIVO.png","width":1377,"height":546,"caption":"Centro Inca"},"image":{"@id":"https:\/\/centroinca.com\/centroinca\/#\/schema\/logo\/image\/"}}]}},"_links":{"self":[{"href":"https:\/\/centroinca.com\/centroinca\/wp-json\/wp\/v2\/pages\/8532","targetHints":{"allow":["GET"]}}],"collection":[{"href":"https:\/\/centroinca.com\/centroinca\/wp-json\/wp\/v2\/pages"}],"about":[{"href":"https:\/\/centroinca.com\/centroinca\/wp-json\/wp\/v2\/types\/page"}],"author":[{"embeddable":true,"href":"https:\/\/centroinca.com\/centroinca\/wp-json\/wp\/v2\/users\/1"}],"replies":[{"embeddable":true,"href":"https:\/\/centroinca.com\/centroinca\/wp-json\/wp\/v2\/comments?post=8532"}],"version-history":[{"count":23,"href":"https:\/\/centroinca.com\/centroinca\/wp-json\/wp\/v2\/pages\/8532\/revisions"}],"predecessor-version":[{"id":11741,"href":"https:\/\/centroinca.com\/centroinca\/wp-json\/wp\/v2\/pages\/8532\/revisions\/11741"}],"wp:attachment":[{"href":"https:\/\/centroinca.com\/centroinca\/wp-json\/wp\/v2\/media?parent=8532"}],"curies":[{"name":"wp","href":"https:\/\/api.w.org\/{rel}","templated":true}]}}