{"id":7867,"date":"2021-03-19T11:22:59","date_gmt":"2021-03-19T16:22:59","guid":{"rendered":"http:\/\/inca.com.co\/centro_inca_\/?page_id=7867"},"modified":"2025-07-30T17:36:53","modified_gmt":"2025-07-30T22:36:53","slug":"stafforganizacion-inca","status":"publish","type":"page","link":"https:\/\/centroinca.com\/centroinca\/stafforganizacion-inca\/","title":{"rendered":"Staff"},"content":{"rendered":"<div class=\"wpb-content-wrapper\"><p>[vc_row full_width=&#8221;stretch_row&#8221; css=&#8221;.vc_custom_1616171667097{margin-top: -75px !important;padding-top: 81px !important;padding-bottom: 78px !important;background-color: #f2f2f2 !important;}&#8221;][vc_column offset=&#8221;vc_col-lg-12 vc_col-md-7&#8243;][vc_custom_heading text=&#8221;Staff Organizaci\u00f3n INCA&#8221; font_container=&#8221;tag:h3|text_align:center&#8221; use_theme_fonts=&#8221;yes&#8221; css=&#8221;.vc_custom_1616170713741{margin-top: 50px !important;margin-bottom: 25px !important;}&#8221;][vc_empty_space][vc_row_inner][vc_column_inner width=&#8221;1\/3&#8243;][stm_icon_box hide_title_line=&#8221;hide_title_line&#8221; icon=&#8221;fas fa-user-circle&#8221; style=&#8221;icon_left&#8221; icon_size=&#8221;15&#8243; icon_color=&#8221;custom&#8221; icon_width=&#8221;70&#8243; title=&#8221;JAIRO RODELO SIERRA&#8221; css=&#8221;.vc_custom_1616170615001{margin-bottom: 28px !important;}&#8221; icon_color_custom=&#8221;#ffffff&#8221;]<span style=\"color: #333333;\"><strong>DIRECTOR GENERAL<\/strong><\/span><\/p>\n<p><span style=\"font-weight: 400; color: #333333;\">Lic.\u00a0 Psicopedagog\u00eda<\/span><\/p>\n<p><span style=\"font-weight: 400; color: #333333;\">Post. Edum\u00e1tica, Mag\u00edster en Educaci\u00f3n<\/span><\/p>\n<p><span style=\"font-weight: 400; color: #333333;\">Certificaci\u00f3n Internacional OIT<\/span>[\/stm_icon_box][\/vc_column_inner][vc_column_inner width=&#8221;1\/3&#8243;][stm_icon_box hide_title_line=&#8221;hide_title_line&#8221; icon=&#8221;fas fa-user-circle&#8221; style=&#8221;icon_left&#8221; icon_size=&#8221;15&#8243; icon_color=&#8221;custom&#8221; icon_width=&#8221;70&#8243; title=&#8221;\u00c1LVARO RODELO SIERRA&#8221; css=&#8221;.vc_custom_1616170863019{margin-bottom: 28px !important;}&#8221; icon_color_custom=&#8221;#ffffff&#8221;]<span style=\"font-weight: 400; color: #333333;\"><strong>DIRECTOR ADMINISTRATIVO<\/strong><\/span><\/p>\n<p><span style=\"font-weight: 400; color: #333333;\">Economista<\/span><\/p>\n<p><span style=\"font-weight: 400; color: #333333;\">Post. Computaci\u00f3n para la Docencia<\/span>[\/stm_icon_box][\/vc_column_inner][vc_column_inner width=&#8221;1\/3&#8243;][stm_icon_box hide_title_line=&#8221;hide_title_line&#8221; icon=&#8221;fas fa-user-circle&#8221; style=&#8221;icon_left&#8221; icon_size=&#8221;15&#8243; icon_color=&#8221;custom&#8221; icon_width=&#8221;70&#8243; title=&#8221;LICETH ACHKAR PALENCIA&#8221; css=&#8221;.vc_custom_1616170872090{margin-bottom: 28px !important;}&#8221; icon_color_custom=&#8221;#ffffff&#8221;]<span style=\"color: #333333;\"><strong>GERENCIA CONTROL INTERNO<\/strong><\/span><\/p>\n<p><span style=\"font-weight: 400; color: #333333;\">Contador P\u00fablico<\/span><\/p>\n<p><span style=\"font-weight: 400; color: #333333;\">Mag. Direcci\u00f3n y Gesti\u00f3n Centros Educativos<\/span><\/p>\n<p><span style=\"font-weight: 400; color: #333333;\">Certificaci\u00f3n Internacional OIT<\/span>[\/stm_icon_box][\/vc_column_inner][\/vc_row_inner][vc_row_inner][vc_column_inner width=&#8221;1\/3&#8243;][stm_icon_box hide_title_line=&#8221;hide_title_line&#8221; icon=&#8221;fas fa-user-circle&#8221; style=&#8221;icon_left&#8221; icon_size=&#8221;15&#8243; icon_color=&#8221;custom&#8221; icon_width=&#8221;70&#8243; title=&#8221;GUSTAVO GARRIDO H.&#8221; css=&#8221;.vc_custom_1616170941372{margin-bottom: 28px !important;}&#8221; icon_color_custom=&#8221;#ffffff&#8221;]<span style=\"color: #333333;\"><strong>REVISOR FISCAL &#8211; COORD. CALIDAD<\/strong><\/span><\/p>\n<p><span style=\"font-weight: 400; color: #333333;\">Contador p\u00fablico<\/span><\/p>\n<p><span style=\"font-weight: 400; color: #333333;\">Post. en computaci\u00f3n para la docencia.<\/span><\/p>\n<p><span style=\"font-weight: 400; color: #333333;\">Maestr\u00eda en Sistemas de Gesti\u00f3n<\/span>[\/stm_icon_box][\/vc_column_inner][vc_column_inner width=&#8221;1\/3&#8243;][stm_icon_box hide_title_line=&#8221;hide_title_line&#8221; icon=&#8221;fas fa-user-circle&#8221; style=&#8221;icon_left&#8221; icon_size=&#8221;15&#8243; icon_color=&#8221;custom&#8221; icon_width=&#8221;70&#8243; title=&#8221;ROSA L\u00d3PEZ P\u00c9REZ&#8221; css=&#8221;.vc_custom_1616171322182{margin-bottom: 28px !important;}&#8221; icon_color_custom=&#8221;#ffffff&#8221;]<span style=\"color: #333333;\"><strong>RECTORA COLEGIO INCA<\/strong><\/span><\/p>\n<p><span style=\"font-weight: 400; color: #333333;\">Lic. en Educaci\u00f3n Infantil<\/span><\/p>\n<p><span style=\"font-weight: 400; color: #333333;\">Post. Direcci\u00f3n en Marketing Educativo<\/span>[\/stm_icon_box][\/vc_column_inner][vc_column_inner width=&#8221;1\/3&#8243;][stm_icon_box hide_title_line=&#8221;hide_title_line&#8221; icon=&#8221;fas fa-user-circle&#8221; style=&#8221;icon_left&#8221; icon_size=&#8221;15&#8243; icon_color=&#8221;custom&#8221; icon_width=&#8221;70&#8243; title=&#8221;DAVID DUARTE D\u00cdAZ&#8221; css=&#8221;.vc_custom_1616171365712{margin-bottom: 28px !important;}&#8221; icon_color_custom=&#8221;#ffffff&#8221;]<span style=\"color: #333333;\"><strong>CONTADOR<\/strong><\/span><\/p>\n<p><span style=\"font-weight: 400; color: #333333;\">Contador Pub. Administrador de Empresas<\/span><\/p>\n<p><span style=\"font-weight: 400; color: #333333;\">Post. en Tributaci\u00f3n<\/span>[\/stm_icon_box][\/vc_column_inner][\/vc_row_inner][vc_row_inner][vc_column_inner width=&#8221;1\/3&#8243;][stm_icon_box hide_title_line=&#8221;hide_title_line&#8221; icon=&#8221;fas fa-user-circle&#8221; style=&#8221;icon_left&#8221; icon_size=&#8221;15&#8243; icon_color=&#8221;custom&#8221; icon_width=&#8221;70&#8243; title=&#8221;LINDA \u00c1LVAREZ CARABALLO&#8221; css=&#8221;.vc_custom_1616171433276{margin-bottom: 28px !important;}&#8221; icon_color_custom=&#8221;#ffffff&#8221;]<span style=\"color: #333333;\"><strong>COORDINADORA ACAD\u00c9MICA<\/strong><\/span><\/p>\n<p><span style=\"font-weight: 400; color: #333333;\">Ingeniera de Alimentos<\/span><\/p>\n<p><span style=\"font-weight: 400; color: #333333;\">Post. en Gerencia Educativa.<\/span>[\/stm_icon_box][\/vc_column_inner][vc_column_inner width=&#8221;1\/3&#8243;][stm_icon_box hide_title_line=&#8221;hide_title_line&#8221; icon=&#8221;fas fa-user-circle&#8221; style=&#8221;icon_left&#8221; icon_size=&#8221;15&#8243; icon_color=&#8221;custom&#8221; icon_width=&#8221;70&#8243; title=&#8221;JOS\u00c9 MART\u00cdNEZ GANDIA&#8221; css=&#8221;.vc_custom_1616171143375{margin-bottom: 28px !important;}&#8221; icon_color_custom=&#8221;#ffffff&#8221;]<span style=\"color: #333333;\"><strong>COORDINADOR COMUNICACIONES<\/strong><\/span><\/p>\n<p><span style=\"font-weight: 400; color: #333333;\">Ingeniero de Sistemas<\/span><\/p>\n<p><span style=\"font-weight: 400; color: #333333;\">Post. Ingenier\u00eda de Software<\/span>[\/stm_icon_box][\/vc_column_inner][vc_column_inner width=&#8221;1\/3&#8243;][stm_icon_box hide_title_line=&#8221;hide_title_line&#8221; icon=&#8221;fas fa-user-circle&#8221; style=&#8221;icon_left&#8221; icon_size=&#8221;15&#8243; icon_color=&#8221;custom&#8221; icon_width=&#8221;70&#8243; title=&#8221;ADRIANA CEBALLOS RODELO&#8221; css=&#8221;.vc_custom_1616171610290{margin-bottom: 28px !important;}&#8221; icon_color_custom=&#8221;#ffffff&#8221;]<span style=\"color: #333333;\"><strong>ASISTENTE ADMIN. Y FINANCIERA<\/strong><\/span><\/p>\n<p><span style=\"font-weight: 400; color: #333333;\">Economista Industrial<\/span><\/p>\n<p><span style=\"font-weight: 400; color: #333333;\">Post. en Finanzas<\/span>[\/stm_icon_box][\/vc_column_inner][\/vc_row_inner][vc_row_inner][vc_column_inner width=&#8221;1\/3&#8243;][stm_icon_box hide_title_line=&#8221;hide_title_line&#8221; icon=&#8221;fas fa-user-circle&#8221; style=&#8221;icon_left&#8221; icon_size=&#8221;15&#8243; icon_color=&#8221;custom&#8221; icon_width=&#8221;70&#8243; title=&#8221;MARCO ROJANO VILLA&#8221; css=&#8221;.vc_custom_1616171472011{margin-bottom: 28px !important;}&#8221; icon_color_custom=&#8221;#ffffff&#8221;]<strong><span style=\"color: #333333;\">SUPERVISOR DE FORMACI\u00d3N<\/span><\/strong><\/p>\n<p><span style=\"font-weight: 400; color: #333333;\">Licenciado en Educaci\u00f3n<\/span><\/p>\n<p><span style=\"font-weight: 400; color: #333333;\">Mag. Gerencia Educativa<\/span>[\/stm_icon_box][\/vc_column_inner][vc_column_inner width=&#8221;1\/3&#8243;][stm_icon_box hide_title_line=&#8221;hide_title_line&#8221; icon=&#8221;fas fa-user-circle&#8221; style=&#8221;icon_left&#8221; icon_size=&#8221;15&#8243; icon_color=&#8221;custom&#8221; icon_width=&#8221;70&#8243; title=&#8221;OSIRIS MART\u00cdNEZ CAMACHO&#8221; css=&#8221;.vc_custom_1616171392812{margin-bottom: 28px !important;}&#8221; icon_color_custom=&#8221;#ffffff&#8221;]<strong><span style=\"color: #333333;\">ASISTENTE DE BIENESTAR<\/span><\/strong><\/p>\n<p><span style=\"font-weight: 400; color: #333333;\">Ingeniera Industrial<\/span><\/p>\n<p><span style=\"font-weight: 400; color: #333333;\">Post. Gerencia Del Desarrollo<\/span><\/p>\n<p><span style=\"font-weight: 400; color: #333333;\">Mg Desarrollo Humano Organizacional<\/span>[\/stm_icon_box][\/vc_column_inner][vc_column_inner width=&#8221;1\/3&#8243;][stm_icon_box hide_title_line=&#8221;hide_title_line&#8221; icon=&#8221;fas fa-user-circle&#8221; style=&#8221;icon_left&#8221; icon_size=&#8221;15&#8243; icon_color=&#8221;custom&#8221; icon_width=&#8221;70&#8243; title=&#8221;JULISSA VERGARA VERGARA&#8221; css=&#8221;.vc_custom_1616171519098{margin-bottom: 28px !important;}&#8221; icon_color_custom=&#8221;#ffffff&#8221;]<span style=\"color: #333333;\"><strong>SUPERVISORA DE FORMACI\u00d3N<\/strong><\/span><\/p>\n<p><span style=\"font-weight: 400; color: #333333;\">Licenciada en Educaci\u00f3n<\/span><\/p>\n<p><span style=\"font-weight: 400; color: #333333;\">Post. en Psicopedagog\u00eda<\/span>[\/stm_icon_box][\/vc_column_inner][\/vc_row_inner][vc_row_inner][vc_column_inner width=&#8221;1\/3&#8243;][\/vc_column_inner][vc_column_inner width=&#8221;1\/3&#8243;][\/vc_column_inner][vc_column_inner width=&#8221;1\/3&#8243;][\/vc_column_inner][\/vc_row_inner][\/vc_column][\/vc_row]<\/p>\n<\/div>","protected":false},"excerpt":{"rendered":"<p>[vc_row full_width=&#8221;stretch_row&#8221; css=&#8221;.vc_custom_1616171667097{margin-top: -75px !important;padding-top: 81px !important;padding-bottom: 78px !important;background-color: #f2f2f2 !important;}&#8221;][vc_column offset=&#8221;vc_col-lg-12 vc_col-md-7&#8243;][vc_custom_heading text=&#8221;Staff Organizaci\u00f3n INCA&#8221; font_container=&#8221;tag:h3|text_align:center&#8221; use_theme_fonts=&#8221;yes&#8221; css=&#8221;.vc_custom_1616170713741{margin-top: 50px !important;margin-bottom: 25px !important;}&#8221;][vc_empty_space][vc_row_inner][vc_column_inner width=&#8221;1\/3&#8243;][stm_icon_box hide_title_line=&#8221;hide_title_line&#8221; icon=&#8221;fas fa-user-circle&#8221; style=&#8221;icon_left&#8221; icon_size=&#8221;15&#8243; icon_color=&#8221;custom&#8221; icon_width=&#8221;70&#8243; title=&#8221;JAIRO RODELO SIERRA&#8221; css=&#8221;.vc_custom_1616170615001{margin-bottom: 28px !important;}&#8221; icon_color_custom=&#8221;#ffffff&#8221;]DIRECTOR GENERAL Lic.\u00a0 Psicopedagog\u00eda Post. Edum\u00e1tica, Mag\u00edster en Educaci\u00f3n Certificaci\u00f3n Internacional OIT[\/stm_icon_box][\/vc_column_inner][vc_column_inner width=&#8221;1\/3&#8243;][stm_icon_box hide_title_line=&#8221;hide_title_line&#8221; icon=&#8221;fas fa-user-circle&#8221; style=&#8221;icon_left&#8221; icon_size=&#8221;15&#8243;<\/p>\n","protected":false},"author":1,"featured_media":0,"parent":0,"menu_order":0,"comment_status":"closed","ping_status":"closed","template":"","meta":{"footnotes":""},"class_list":["post-7867","page","type-page","status-publish","hentry"],"yoast_head":"<!-- This site is optimized with the Yoast SEO plugin v27.4 - https:\/\/yoast.com\/product\/yoast-seo-wordpress\/ -->\n<title>Staff - Centro Inca<\/title>\n<meta name=\"robots\" content=\"index, follow, max-snippet:-1, max-image-preview:large, max-video-preview:-1\" \/>\n<link rel=\"canonical\" href=\"https:\/\/centroinca.com\/centroinca\/stafforganizacion-inca\/\" \/>\n<meta property=\"og:locale\" content=\"es_ES\" \/>\n<meta property=\"og:type\" content=\"article\" \/>\n<meta property=\"og:title\" content=\"Staff - Centro Inca\" \/>\n<meta property=\"og:description\" content=\"[vc_row full_width=&#8221;stretch_row&#8221; css=&#8221;.vc_custom_1616171667097{margin-top: -75px !important;padding-top: 81px !important;padding-bottom: 78px !important;background-color: #f2f2f2 !important;}&#8221;][vc_column offset=&#8221;vc_col-lg-12 vc_col-md-7&#8243;][vc_custom_heading text=&#8221;Staff Organizaci\u00f3n INCA&#8221; font_container=&#8221;tag:h3|text_align:center&#8221; use_theme_fonts=&#8221;yes&#8221; css=&#8221;.vc_custom_1616170713741{margin-top: 50px !important;margin-bottom: 25px !important;}&#8221;][vc_empty_space][vc_row_inner][vc_column_inner width=&#8221;1\/3&#8243;][stm_icon_box hide_title_line=&#8221;hide_title_line&#8221; icon=&#8221;fas fa-user-circle&#8221; style=&#8221;icon_left&#8221; icon_size=&#8221;15&#8243; icon_color=&#8221;custom&#8221; icon_width=&#8221;70&#8243; title=&#8221;JAIRO RODELO SIERRA&#8221; css=&#8221;.vc_custom_1616170615001{margin-bottom: 28px !important;}&#8221; icon_color_custom=&#8221;#ffffff&#8221;]DIRECTOR GENERAL Lic.\u00a0 Psicopedagog\u00eda Post. Edum\u00e1tica, Mag\u00edster en Educaci\u00f3n Certificaci\u00f3n Internacional OIT[\/stm_icon_box][\/vc_column_inner][vc_column_inner width=&#8221;1\/3&#8243;][stm_icon_box hide_title_line=&#8221;hide_title_line&#8221; icon=&#8221;fas fa-user-circle&#8221; style=&#8221;icon_left&#8221; icon_size=&#8221;15&#8243;\" \/>\n<meta property=\"og:url\" content=\"https:\/\/centroinca.com\/centroinca\/stafforganizacion-inca\/\" \/>\n<meta property=\"og:site_name\" content=\"Centro Inca\" \/>\n<meta property=\"article:modified_time\" content=\"2025-07-30T22:36:53+00:00\" \/>\n<meta name=\"twitter:card\" content=\"summary_large_image\" \/>\n<meta name=\"twitter:label1\" content=\"Tiempo de lectura\" \/>\n\t<meta name=\"twitter:data1\" content=\"4 minutos\" \/>\n<script type=\"application\/ld+json\" class=\"yoast-schema-graph\">{\"@context\":\"https:\\\/\\\/schema.org\",\"@graph\":[{\"@type\":\"WebPage\",\"@id\":\"https:\\\/\\\/centroinca.com\\\/centroinca\\\/stafforganizacion-inca\\\/\",\"url\":\"https:\\\/\\\/centroinca.com\\\/centroinca\\\/stafforganizacion-inca\\\/\",\"name\":\"Staff - Centro Inca\",\"isPartOf\":{\"@id\":\"https:\\\/\\\/centroinca.com\\\/centroinca\\\/#website\"},\"datePublished\":\"2021-03-19T16:22:59+00:00\",\"dateModified\":\"2025-07-30T22:36:53+00:00\",\"breadcrumb\":{\"@id\":\"https:\\\/\\\/centroinca.com\\\/centroinca\\\/stafforganizacion-inca\\\/#breadcrumb\"},\"inLanguage\":\"es\",\"potentialAction\":[{\"@type\":\"ReadAction\",\"target\":[\"https:\\\/\\\/centroinca.com\\\/centroinca\\\/stafforganizacion-inca\\\/\"]}]},{\"@type\":\"BreadcrumbList\",\"@id\":\"https:\\\/\\\/centroinca.com\\\/centroinca\\\/stafforganizacion-inca\\\/#breadcrumb\",\"itemListElement\":[{\"@type\":\"ListItem\",\"position\":1,\"name\":\"Inicio\",\"item\":\"https:\\\/\\\/centroinca.com\\\/centroinca\\\/\"},{\"@type\":\"ListItem\",\"position\":2,\"name\":\"Staff\"}]},{\"@type\":\"WebSite\",\"@id\":\"https:\\\/\\\/centroinca.com\\\/centroinca\\\/#website\",\"url\":\"https:\\\/\\\/centroinca.com\\\/centroinca\\\/\",\"name\":\"Centro Inca\",\"description\":\"Tu camino al \u00e9xito - Estudia Programas T\u00e9cnicos Laborales en Barranquillla\",\"publisher\":{\"@id\":\"https:\\\/\\\/centroinca.com\\\/centroinca\\\/#organization\"},\"potentialAction\":[{\"@type\":\"SearchAction\",\"target\":{\"@type\":\"EntryPoint\",\"urlTemplate\":\"https:\\\/\\\/centroinca.com\\\/centroinca\\\/?s={search_term_string}\"},\"query-input\":{\"@type\":\"PropertyValueSpecification\",\"valueRequired\":true,\"valueName\":\"search_term_string\"}}],\"inLanguage\":\"es\"},{\"@type\":\"Organization\",\"@id\":\"https:\\\/\\\/centroinca.com\\\/centroinca\\\/#organization\",\"name\":\"Centro Inca\",\"url\":\"https:\\\/\\\/centroinca.com\\\/centroinca\\\/\",\"logo\":{\"@type\":\"ImageObject\",\"inLanguage\":\"es\",\"@id\":\"https:\\\/\\\/centroinca.com\\\/centroinca\\\/#\\\/schema\\\/logo\\\/image\\\/\",\"url\":\"https:\\\/\\\/centroinca.com\\\/centroinca\\\/wp-content\\\/uploads\\\/2019\\\/09\\\/LOGO-CENTRO-INCA-POSITIVO.png\",\"contentUrl\":\"https:\\\/\\\/centroinca.com\\\/centroinca\\\/wp-content\\\/uploads\\\/2019\\\/09\\\/LOGO-CENTRO-INCA-POSITIVO.png\",\"width\":1377,\"height\":546,\"caption\":\"Centro Inca\"},\"image\":{\"@id\":\"https:\\\/\\\/centroinca.com\\\/centroinca\\\/#\\\/schema\\\/logo\\\/image\\\/\"}}]}<\/script>\n<!-- \/ Yoast SEO plugin. -->","yoast_head_json":{"title":"Staff - Centro Inca","robots":{"index":"index","follow":"follow","max-snippet":"max-snippet:-1","max-image-preview":"max-image-preview:large","max-video-preview":"max-video-preview:-1"},"canonical":"https:\/\/centroinca.com\/centroinca\/stafforganizacion-inca\/","og_locale":"es_ES","og_type":"article","og_title":"Staff - Centro Inca","og_description":"[vc_row full_width=&#8221;stretch_row&#8221; css=&#8221;.vc_custom_1616171667097{margin-top: -75px !important;padding-top: 81px !important;padding-bottom: 78px !important;background-color: #f2f2f2 !important;}&#8221;][vc_column offset=&#8221;vc_col-lg-12 vc_col-md-7&#8243;][vc_custom_heading text=&#8221;Staff Organizaci\u00f3n INCA&#8221; font_container=&#8221;tag:h3|text_align:center&#8221; use_theme_fonts=&#8221;yes&#8221; css=&#8221;.vc_custom_1616170713741{margin-top: 50px !important;margin-bottom: 25px !important;}&#8221;][vc_empty_space][vc_row_inner][vc_column_inner width=&#8221;1\/3&#8243;][stm_icon_box hide_title_line=&#8221;hide_title_line&#8221; icon=&#8221;fas fa-user-circle&#8221; style=&#8221;icon_left&#8221; icon_size=&#8221;15&#8243; icon_color=&#8221;custom&#8221; icon_width=&#8221;70&#8243; title=&#8221;JAIRO RODELO SIERRA&#8221; css=&#8221;.vc_custom_1616170615001{margin-bottom: 28px !important;}&#8221; icon_color_custom=&#8221;#ffffff&#8221;]DIRECTOR GENERAL Lic.\u00a0 Psicopedagog\u00eda Post. Edum\u00e1tica, Mag\u00edster en Educaci\u00f3n Certificaci\u00f3n Internacional OIT[\/stm_icon_box][\/vc_column_inner][vc_column_inner width=&#8221;1\/3&#8243;][stm_icon_box hide_title_line=&#8221;hide_title_line&#8221; icon=&#8221;fas fa-user-circle&#8221; style=&#8221;icon_left&#8221; icon_size=&#8221;15&#8243;","og_url":"https:\/\/centroinca.com\/centroinca\/stafforganizacion-inca\/","og_site_name":"Centro Inca","article_modified_time":"2025-07-30T22:36:53+00:00","twitter_card":"summary_large_image","twitter_misc":{"Tiempo de lectura":"4 minutos"},"schema":{"@context":"https:\/\/schema.org","@graph":[{"@type":"WebPage","@id":"https:\/\/centroinca.com\/centroinca\/stafforganizacion-inca\/","url":"https:\/\/centroinca.com\/centroinca\/stafforganizacion-inca\/","name":"Staff - Centro Inca","isPartOf":{"@id":"https:\/\/centroinca.com\/centroinca\/#website"},"datePublished":"2021-03-19T16:22:59+00:00","dateModified":"2025-07-30T22:36:53+00:00","breadcrumb":{"@id":"https:\/\/centroinca.com\/centroinca\/stafforganizacion-inca\/#breadcrumb"},"inLanguage":"es","potentialAction":[{"@type":"ReadAction","target":["https:\/\/centroinca.com\/centroinca\/stafforganizacion-inca\/"]}]},{"@type":"BreadcrumbList","@id":"https:\/\/centroinca.com\/centroinca\/stafforganizacion-inca\/#breadcrumb","itemListElement":[{"@type":"ListItem","position":1,"name":"Inicio","item":"https:\/\/centroinca.com\/centroinca\/"},{"@type":"ListItem","position":2,"name":"Staff"}]},{"@type":"WebSite","@id":"https:\/\/centroinca.com\/centroinca\/#website","url":"https:\/\/centroinca.com\/centroinca\/","name":"Centro Inca","description":"Tu camino al \u00e9xito - Estudia Programas T\u00e9cnicos Laborales en Barranquillla","publisher":{"@id":"https:\/\/centroinca.com\/centroinca\/#organization"},"potentialAction":[{"@type":"SearchAction","target":{"@type":"EntryPoint","urlTemplate":"https:\/\/centroinca.com\/centroinca\/?s={search_term_string}"},"query-input":{"@type":"PropertyValueSpecification","valueRequired":true,"valueName":"search_term_string"}}],"inLanguage":"es"},{"@type":"Organization","@id":"https:\/\/centroinca.com\/centroinca\/#organization","name":"Centro Inca","url":"https:\/\/centroinca.com\/centroinca\/","logo":{"@type":"ImageObject","inLanguage":"es","@id":"https:\/\/centroinca.com\/centroinca\/#\/schema\/logo\/image\/","url":"https:\/\/centroinca.com\/centroinca\/wp-content\/uploads\/2019\/09\/LOGO-CENTRO-INCA-POSITIVO.png","contentUrl":"https:\/\/centroinca.com\/centroinca\/wp-content\/uploads\/2019\/09\/LOGO-CENTRO-INCA-POSITIVO.png","width":1377,"height":546,"caption":"Centro Inca"},"image":{"@id":"https:\/\/centroinca.com\/centroinca\/#\/schema\/logo\/image\/"}}]}},"_links":{"self":[{"href":"https:\/\/centroinca.com\/centroinca\/wp-json\/wp\/v2\/pages\/7867","targetHints":{"allow":["GET"]}}],"collection":[{"href":"https:\/\/centroinca.com\/centroinca\/wp-json\/wp\/v2\/pages"}],"about":[{"href":"https:\/\/centroinca.com\/centroinca\/wp-json\/wp\/v2\/types\/page"}],"author":[{"embeddable":true,"href":"https:\/\/centroinca.com\/centroinca\/wp-json\/wp\/v2\/users\/1"}],"replies":[{"embeddable":true,"href":"https:\/\/centroinca.com\/centroinca\/wp-json\/wp\/v2\/comments?post=7867"}],"version-history":[{"count":24,"href":"https:\/\/centroinca.com\/centroinca\/wp-json\/wp\/v2\/pages\/7867\/revisions"}],"predecessor-version":[{"id":12291,"href":"https:\/\/centroinca.com\/centroinca\/wp-json\/wp\/v2\/pages\/7867\/revisions\/12291"}],"wp:attachment":[{"href":"https:\/\/centroinca.com\/centroinca\/wp-json\/wp\/v2\/media?parent=7867"}],"curies":[{"name":"wp","href":"https:\/\/api.w.org\/{rel}","templated":true}]}}