{"id":7763,"date":"2021-03-17T15:02:42","date_gmt":"2021-03-17T20:02:42","guid":{"rendered":"http:\/\/inca.com.co\/centro_inca_\/?page_id=7763"},"modified":"2023-09-07T10:02:02","modified_gmt":"2023-09-07T15:02:02","slug":"aspectos","status":"publish","type":"page","link":"https:\/\/centroinca.com\/centroinca\/aspectos\/","title":{"rendered":"Aspectos a tener en cuenta"},"content":{"rendered":"<div class=\"wpb-content-wrapper\"><p>[vc_row full_width=&#8221;stretch_row&#8221; equal_height=&#8221;yes&#8221; css=&#8221;.vc_custom_1614890998937{margin-bottom: 32px !important;background-color: #ffffff !important;}&#8221; el_class=&#8221;about-bg-right&#8221;][vc_column width=&#8221;1\/2&#8243;][vc_custom_heading text=&#8221;Aspectos a tener en cuenta para la Realizaci\u00f3n de la Pr\u00e1ctica Laboral&#8221; font_container=&#8221;tag:h3|text_align:left&#8221; use_theme_fonts=&#8221;yes&#8221; css=&#8221;.vc_custom_1681512396200{margin-top: 50px !important;margin-bottom: 25px !important;}&#8221;][vc_column_text css=&#8221;.vc_custom_1681512413875{margin-bottom: 25px !important;}&#8221;]<span style=\"font-weight: 400;\">&#8211; Haber le\u00eddo y estar de acuerdo con el Reglamento Institucional &#8220;cap\u00edtulo de pr\u00e1cticas laborales externas&#8221;.<\/span><\/p>\n<p><span style=\"font-weight: 400;\">&#8211; Las pr\u00e1cticas laborales externas tienen el valor de un per\u00edodo acad\u00e9mico vigente en el a\u00f1o lectivo que el estudiante vaya a iniciarlas; acorde a lo establecido en el Reglamento Institucional.<\/span><\/p>\n<p><span style=\"font-weight: 400;\">&#8211; Las entidades no est\u00e1n obligadas a cancelar transporte, almuerzo, bonificaci\u00f3n u otros, ya que este es un m\u00f3dulo m\u00e1s del programa de estudio y este no es un motivo para retirarse.<\/span><\/p>\n<p><span style=\"font-weight: 400;\">&#8211; Debe adquirir el seguro contra accidentes y dem\u00e1s requisitos correspondientes especificado en el Reglamento Institucional de la instituci\u00f3n.<\/span><\/p>\n<p><span style=\"font-weight: 400;\">&#8211; Cuando sea llamado a entrevista debe asistir con el uniforme establecido por la instituci\u00f3n con hoja de vida y foto reciente.<\/span><\/p>\n<p><span style=\"font-weight: 400;\">&#8211; Al quedar seleccionado en la empresa debe diligenciar el convenio o contrato de aprendizaje de acuerdo a la modalidad en la que fue enviado y ser evaluado cada tres meses, a trav\u00e9s de la p\u00e1gina web www.centroinca.com, por la empresa donde est\u00e1 realizando las pr\u00e1cticas.<\/span><\/p>\n<p><span style=\"font-weight: 400;\">&#8211; Debe adquirir y aplicar el Reglamento de Pr\u00e1cticas Laborales Externas.<\/span><\/p>\n<p><span style=\"font-weight: 400;\">&#8211; As\u00ed mismo aceptar realizar las pr\u00e1cticas sin ninguna contraprestaci\u00f3n por parte de la empresa y cuando tenga alg\u00fan inconveniente presentarlo p<\/span><span style=\"font-weight: 400;\">or escrito sin retirarse antes de que Centro Inca de una soluci\u00f3n.<\/span>[\/vc_column_text][\/vc_column][vc_column width=&#8221;1\/2&#8243; css=&#8221;.vc_custom_1614890184989{padding-top: 52px !important;padding-bottom: 95px !important;background-position: center !important;background-repeat: no-repeat !important;background-size: cover !important;}&#8221; el_class=&#8221;about_full-right_width&#8221;][vc_empty_space height=&#8221;28px&#8221;][vc_column_text css=&#8221;.vc_custom_1681512443538{margin-bottom: 25px !important;}&#8221;]<strong>Programas en el \u00e1rea de la salud<\/strong><\/p>\n<p><span style=\"font-weight: 400;\">&#8211; Las pr\u00e1cticas laborales externas en los programas de salud se regir\u00e1n por las normatizaciones y acuerdos previstos por el Consejo de Direcci\u00f3n del CENTRO INCA y los lineamientos generados por el Comit\u00e9 Ejecutivo Nacional para el Desarrollo de Recursos Humanos para la Salud y las normas relacionadas en el \u00e1rea de la salud competente al nivel de los programas impartidos por la instituci\u00f3n en salud.<\/span><\/p>\n<p><span style=\"font-weight: 400;\">&#8211; La pr\u00e1ctica laboral de los estudiantes se realizar\u00e1 por grupos no mayores de diez (10) estudiantes que est\u00e9n debidamente a paz y salvo acad\u00e9mica y administrativamente con el programa e igualmente con los costos de dicha pr\u00e1ctica laboral sin perjuicio por la fecha en que la inicien al conformar el grupo de diez alumnos, entregando las certificaciones de vacunas exigidas por la entidad, cl\u00ednica u hospital en convenio y dem\u00e1s documentos estipulados.<\/span><\/p>\n<p><span style=\"font-weight: 400;\">&#8211; Las certificaciones de vacunas deben presentarse como requisito de ingreso a las pr\u00e1cticas externas los estudiantes de: Auxiliar de enfermer\u00eda, Auxiliar en Salud Oral y Auxiliar en Mec\u00e1nica Dental, Auxiliar Administrativo en Salud, Auxiliar en Servicios Farmac\u00e9uticos, para el resto de programas de la salud la presentaci\u00f3n de las certificaciones de vacunas est\u00e1n sujetas a lo que disponga la entidad, cl\u00ednica u hospital en convenio.<\/span><\/p>\n<p><span style=\"font-weight: 400;\">&#8211; Acorde a las necesidades y posibilidades, la Coordinaci\u00f3n de Pr\u00e1ctica Laboral podr\u00e1 organizar grupos menores; siempre y cuando se cubran los costos de docencia asistencial, aportes requeridos y cumplimiento de condiciones para la pr\u00e1ctica por la entidad en convenio.<\/span><\/p>\n<p><span style=\"font-weight: 400;\">&#8211; Las pr\u00e1cticas deben realizarse bajo la supervisi\u00f3n de un docente asistencial.<\/span>[\/vc_column_text][\/vc_column][\/vc_row]<\/p>\n<\/div>","protected":false},"excerpt":{"rendered":"<p>[vc_row full_width=&#8221;stretch_row&#8221; equal_height=&#8221;yes&#8221; css=&#8221;.vc_custom_1614890998937{margin-bottom: 32px !important;background-color: #ffffff !important;}&#8221; el_class=&#8221;about-bg-right&#8221;][vc_column width=&#8221;1\/2&#8243;][vc_custom_heading text=&#8221;Aspectos a tener en cuenta para la Realizaci\u00f3n de la Pr\u00e1ctica Laboral&#8221; font_container=&#8221;tag:h3|text_align:left&#8221; use_theme_fonts=&#8221;yes&#8221; css=&#8221;.vc_custom_1681512396200{margin-top: 50px !important;margin-bottom: 25px !important;}&#8221;][vc_column_text css=&#8221;.vc_custom_1681512413875{margin-bottom: 25px !important;}&#8221;]&#8211; Haber le\u00eddo y estar de acuerdo con el Reglamento Institucional &#8220;cap\u00edtulo de pr\u00e1cticas laborales externas&#8221;. &#8211; Las pr\u00e1cticas laborales externas tienen el valor<\/p>\n","protected":false},"author":1,"featured_media":0,"parent":0,"menu_order":0,"comment_status":"closed","ping_status":"closed","template":"","meta":{"footnotes":""},"class_list":["post-7763","page","type-page","status-publish","hentry"],"yoast_head":"<!-- This site is optimized with the Yoast SEO plugin v27.4 - https:\/\/yoast.com\/product\/yoast-seo-wordpress\/ -->\n<title>Aspectos a tener en cuenta - Centro Inca<\/title>\n<meta name=\"robots\" content=\"index, follow, max-snippet:-1, max-image-preview:large, max-video-preview:-1\" \/>\n<link rel=\"canonical\" href=\"https:\/\/centroinca.com\/centroinca\/aspectos\/\" \/>\n<meta property=\"og:locale\" content=\"es_ES\" \/>\n<meta property=\"og:type\" content=\"article\" \/>\n<meta property=\"og:title\" content=\"Aspectos a tener en cuenta - Centro Inca\" \/>\n<meta property=\"og:description\" content=\"[vc_row full_width=&#8221;stretch_row&#8221; equal_height=&#8221;yes&#8221; css=&#8221;.vc_custom_1614890998937{margin-bottom: 32px !important;background-color: #ffffff !important;}&#8221; el_class=&#8221;about-bg-right&#8221;][vc_column width=&#8221;1\/2&#8243;][vc_custom_heading text=&#8221;Aspectos a tener en cuenta para la Realizaci\u00f3n de la Pr\u00e1ctica Laboral&#8221; font_container=&#8221;tag:h3|text_align:left&#8221; use_theme_fonts=&#8221;yes&#8221; css=&#8221;.vc_custom_1681512396200{margin-top: 50px !important;margin-bottom: 25px !important;}&#8221;][vc_column_text css=&#8221;.vc_custom_1681512413875{margin-bottom: 25px !important;}&#8221;]&#8211; Haber le\u00eddo y estar de acuerdo con el Reglamento Institucional &#8220;cap\u00edtulo de pr\u00e1cticas laborales externas&#8221;. &#8211; Las pr\u00e1cticas laborales externas tienen el valor\" \/>\n<meta property=\"og:url\" content=\"https:\/\/centroinca.com\/centroinca\/aspectos\/\" \/>\n<meta property=\"og:site_name\" content=\"Centro Inca\" \/>\n<meta property=\"article:modified_time\" content=\"2023-09-07T15:02:02+00:00\" \/>\n<meta name=\"twitter:card\" content=\"summary_large_image\" \/>\n<meta name=\"twitter:label1\" content=\"Tiempo de lectura\" \/>\n\t<meta name=\"twitter:data1\" content=\"3 minutos\" \/>\n<script type=\"application\/ld+json\" class=\"yoast-schema-graph\">{\"@context\":\"https:\\\/\\\/schema.org\",\"@graph\":[{\"@type\":\"WebPage\",\"@id\":\"https:\\\/\\\/centroinca.com\\\/centroinca\\\/aspectos\\\/\",\"url\":\"https:\\\/\\\/centroinca.com\\\/centroinca\\\/aspectos\\\/\",\"name\":\"Aspectos a tener en cuenta - Centro Inca\",\"isPartOf\":{\"@id\":\"https:\\\/\\\/centroinca.com\\\/centroinca\\\/#website\"},\"datePublished\":\"2021-03-17T20:02:42+00:00\",\"dateModified\":\"2023-09-07T15:02:02+00:00\",\"breadcrumb\":{\"@id\":\"https:\\\/\\\/centroinca.com\\\/centroinca\\\/aspectos\\\/#breadcrumb\"},\"inLanguage\":\"es\",\"potentialAction\":[{\"@type\":\"ReadAction\",\"target\":[\"https:\\\/\\\/centroinca.com\\\/centroinca\\\/aspectos\\\/\"]}]},{\"@type\":\"BreadcrumbList\",\"@id\":\"https:\\\/\\\/centroinca.com\\\/centroinca\\\/aspectos\\\/#breadcrumb\",\"itemListElement\":[{\"@type\":\"ListItem\",\"position\":1,\"name\":\"Inicio\",\"item\":\"https:\\\/\\\/centroinca.com\\\/centroinca\\\/\"},{\"@type\":\"ListItem\",\"position\":2,\"name\":\"Aspectos a tener en cuenta\"}]},{\"@type\":\"WebSite\",\"@id\":\"https:\\\/\\\/centroinca.com\\\/centroinca\\\/#website\",\"url\":\"https:\\\/\\\/centroinca.com\\\/centroinca\\\/\",\"name\":\"Centro Inca\",\"description\":\"Tu camino al \u00e9xito - Estudia Programas T\u00e9cnicos Laborales en Barranquillla\",\"publisher\":{\"@id\":\"https:\\\/\\\/centroinca.com\\\/centroinca\\\/#organization\"},\"potentialAction\":[{\"@type\":\"SearchAction\",\"target\":{\"@type\":\"EntryPoint\",\"urlTemplate\":\"https:\\\/\\\/centroinca.com\\\/centroinca\\\/?s={search_term_string}\"},\"query-input\":{\"@type\":\"PropertyValueSpecification\",\"valueRequired\":true,\"valueName\":\"search_term_string\"}}],\"inLanguage\":\"es\"},{\"@type\":\"Organization\",\"@id\":\"https:\\\/\\\/centroinca.com\\\/centroinca\\\/#organization\",\"name\":\"Centro Inca\",\"url\":\"https:\\\/\\\/centroinca.com\\\/centroinca\\\/\",\"logo\":{\"@type\":\"ImageObject\",\"inLanguage\":\"es\",\"@id\":\"https:\\\/\\\/centroinca.com\\\/centroinca\\\/#\\\/schema\\\/logo\\\/image\\\/\",\"url\":\"https:\\\/\\\/centroinca.com\\\/centroinca\\\/wp-content\\\/uploads\\\/2019\\\/09\\\/LOGO-CENTRO-INCA-POSITIVO.png\",\"contentUrl\":\"https:\\\/\\\/centroinca.com\\\/centroinca\\\/wp-content\\\/uploads\\\/2019\\\/09\\\/LOGO-CENTRO-INCA-POSITIVO.png\",\"width\":1377,\"height\":546,\"caption\":\"Centro Inca\"},\"image\":{\"@id\":\"https:\\\/\\\/centroinca.com\\\/centroinca\\\/#\\\/schema\\\/logo\\\/image\\\/\"}}]}<\/script>\n<!-- \/ Yoast SEO plugin. -->","yoast_head_json":{"title":"Aspectos a tener en cuenta - Centro Inca","robots":{"index":"index","follow":"follow","max-snippet":"max-snippet:-1","max-image-preview":"max-image-preview:large","max-video-preview":"max-video-preview:-1"},"canonical":"https:\/\/centroinca.com\/centroinca\/aspectos\/","og_locale":"es_ES","og_type":"article","og_title":"Aspectos a tener en cuenta - Centro Inca","og_description":"[vc_row full_width=&#8221;stretch_row&#8221; equal_height=&#8221;yes&#8221; css=&#8221;.vc_custom_1614890998937{margin-bottom: 32px !important;background-color: #ffffff !important;}&#8221; el_class=&#8221;about-bg-right&#8221;][vc_column width=&#8221;1\/2&#8243;][vc_custom_heading text=&#8221;Aspectos a tener en cuenta para la Realizaci\u00f3n de la Pr\u00e1ctica Laboral&#8221; font_container=&#8221;tag:h3|text_align:left&#8221; use_theme_fonts=&#8221;yes&#8221; css=&#8221;.vc_custom_1681512396200{margin-top: 50px !important;margin-bottom: 25px !important;}&#8221;][vc_column_text css=&#8221;.vc_custom_1681512413875{margin-bottom: 25px !important;}&#8221;]&#8211; Haber le\u00eddo y estar de acuerdo con el Reglamento Institucional &#8220;cap\u00edtulo de pr\u00e1cticas laborales externas&#8221;. &#8211; Las pr\u00e1cticas laborales externas tienen el valor","og_url":"https:\/\/centroinca.com\/centroinca\/aspectos\/","og_site_name":"Centro Inca","article_modified_time":"2023-09-07T15:02:02+00:00","twitter_card":"summary_large_image","twitter_misc":{"Tiempo de lectura":"3 minutos"},"schema":{"@context":"https:\/\/schema.org","@graph":[{"@type":"WebPage","@id":"https:\/\/centroinca.com\/centroinca\/aspectos\/","url":"https:\/\/centroinca.com\/centroinca\/aspectos\/","name":"Aspectos a tener en cuenta - Centro Inca","isPartOf":{"@id":"https:\/\/centroinca.com\/centroinca\/#website"},"datePublished":"2021-03-17T20:02:42+00:00","dateModified":"2023-09-07T15:02:02+00:00","breadcrumb":{"@id":"https:\/\/centroinca.com\/centroinca\/aspectos\/#breadcrumb"},"inLanguage":"es","potentialAction":[{"@type":"ReadAction","target":["https:\/\/centroinca.com\/centroinca\/aspectos\/"]}]},{"@type":"BreadcrumbList","@id":"https:\/\/centroinca.com\/centroinca\/aspectos\/#breadcrumb","itemListElement":[{"@type":"ListItem","position":1,"name":"Inicio","item":"https:\/\/centroinca.com\/centroinca\/"},{"@type":"ListItem","position":2,"name":"Aspectos a tener en cuenta"}]},{"@type":"WebSite","@id":"https:\/\/centroinca.com\/centroinca\/#website","url":"https:\/\/centroinca.com\/centroinca\/","name":"Centro Inca","description":"Tu camino al \u00e9xito - Estudia Programas T\u00e9cnicos Laborales en Barranquillla","publisher":{"@id":"https:\/\/centroinca.com\/centroinca\/#organization"},"potentialAction":[{"@type":"SearchAction","target":{"@type":"EntryPoint","urlTemplate":"https:\/\/centroinca.com\/centroinca\/?s={search_term_string}"},"query-input":{"@type":"PropertyValueSpecification","valueRequired":true,"valueName":"search_term_string"}}],"inLanguage":"es"},{"@type":"Organization","@id":"https:\/\/centroinca.com\/centroinca\/#organization","name":"Centro Inca","url":"https:\/\/centroinca.com\/centroinca\/","logo":{"@type":"ImageObject","inLanguage":"es","@id":"https:\/\/centroinca.com\/centroinca\/#\/schema\/logo\/image\/","url":"https:\/\/centroinca.com\/centroinca\/wp-content\/uploads\/2019\/09\/LOGO-CENTRO-INCA-POSITIVO.png","contentUrl":"https:\/\/centroinca.com\/centroinca\/wp-content\/uploads\/2019\/09\/LOGO-CENTRO-INCA-POSITIVO.png","width":1377,"height":546,"caption":"Centro Inca"},"image":{"@id":"https:\/\/centroinca.com\/centroinca\/#\/schema\/logo\/image\/"}}]}},"_links":{"self":[{"href":"https:\/\/centroinca.com\/centroinca\/wp-json\/wp\/v2\/pages\/7763","targetHints":{"allow":["GET"]}}],"collection":[{"href":"https:\/\/centroinca.com\/centroinca\/wp-json\/wp\/v2\/pages"}],"about":[{"href":"https:\/\/centroinca.com\/centroinca\/wp-json\/wp\/v2\/types\/page"}],"author":[{"embeddable":true,"href":"https:\/\/centroinca.com\/centroinca\/wp-json\/wp\/v2\/users\/1"}],"replies":[{"embeddable":true,"href":"https:\/\/centroinca.com\/centroinca\/wp-json\/wp\/v2\/comments?post=7763"}],"version-history":[{"count":4,"href":"https:\/\/centroinca.com\/centroinca\/wp-json\/wp\/v2\/pages\/7763\/revisions"}],"predecessor-version":[{"id":10046,"href":"https:\/\/centroinca.com\/centroinca\/wp-json\/wp\/v2\/pages\/7763\/revisions\/10046"}],"wp:attachment":[{"href":"https:\/\/centroinca.com\/centroinca\/wp-json\/wp\/v2\/media?parent=7763"}],"curies":[{"name":"wp","href":"https:\/\/api.w.org\/{rel}","templated":true}]}}