{"id":1501,"date":"2017-02-09T14:23:01","date_gmt":"2017-02-09T14:23:01","guid":{"rendered":"http:\/\/consult.loc\/?page_id=1501"},"modified":"2025-12-01T17:32:07","modified_gmt":"2025-12-01T22:32:07","slug":"conocenos","status":"publish","type":"page","link":"https:\/\/centroinca.com\/centroinca\/conocenos\/","title":{"rendered":"Con\u00f3cenos"},"content":{"rendered":"<div class=\"wpb-content-wrapper\"><p>[vc_row full_width=&#8221;stretch_row&#8221; equal_height=&#8221;yes&#8221; content_placement=&#8221;middle&#8221; css=&#8221;.vc_custom_1631629757100{margin-bottom: 32px !important;background-color: #ffffff !important;}&#8221;][vc_column width=&#8221;1\/2&#8243;][vc_custom_heading text=&#8221;Con\u00f3cenos&#8221; font_container=&#8221;tag:h3|text_align:left&#8221; use_theme_fonts=&#8221;yes&#8221; css=&#8221;.vc_custom_1614890346730{margin-top: 50px !important;margin-bottom: 25px !important;}&#8221;][vc_column_text css=&#8221;.vc_custom_1615924731734{margin-bottom: 25px !important;}&#8221;]<span style=\"font-weight: 400;\">Una Organizaci\u00f3n abierta e inteligente que transforma vidas, comprometida con todas las modalidades de la educaci\u00f3n:<\/span>[\/vc_column_text][vc_column_text]<\/p>\n<blockquote style=\"background-color: #ffffff;\"><p>CENTRO INCA es una instituci\u00f3n educativa en la modalidad Educaci\u00f3n para el Trabajo y el Desarrollo humano. Ley 1064\/2006. Decreto 2020\/2006, Decreto 1075 de 2015.<\/p><\/blockquote>\n<p>[\/vc_column_text][vc_column_text css=&#8221;.vc_custom_1614868103265{margin-bottom: 25px !important;}&#8221;]<span style=\"font-weight: 400;\">Fundada en 1982 y desde sus inicios se ha proyectado como una entidad que busca cualificar su nivel acad\u00e9mico por medio de la selecci\u00f3n de instructores id\u00f3neos con experiencia laboral en cada programa formativo, adecuando constantemente los servicios educativos para una mejor estructuraci\u00f3n acad\u00e9mica y t\u00e9cnica de nuestros egresados.<\/span><\/p>\n<p><span style=\"font-weight: 400;\">En el \u00c1mbito jur\u00eddico legal, la instituci\u00f3n ha obtenido a trav\u00e9s del tiempo autorizaci\u00f3n para su funcionamiento, creaci\u00f3n de nuevos programas y reestructuraci\u00f3n de los ya existentes, mediante las Resoluciones No. 002666\/12, 07172\/12, 07505\/12, 07506\/12, 07507\/12, 00245\/13, 00259\/13, 01279\/13, 01280\/13, 02894\/13, 04246\/13, 03249\/14, 06086\/14, 06087\/14, 06820\/15, 00903\/16, 00904\/16 de la Secretaria de Educaci\u00f3n Distrital y Acuerdos No. 00132 de Jul 5\/12, 00310 de Dic 10\/15, 00029 de Mar 30\/16 del Ministerio de Salud y Protecci\u00f3n Social.<\/span>[\/vc_column_text][\/vc_column][vc_column width=&#8221;1\/2&#8243; css=&#8221;.vc_custom_1614890184989{padding-top: 52px !important;padding-bottom: 95px !important;background-position: center !important;background-repeat: no-repeat !important;background-size: cover !important;}&#8221; el_class=&#8221;about_full-right_width&#8221;][vc_raw_html css=&#8221;.vc_custom_1676671526882{margin-left: -20px !important;}&#8221;]JTNDaWZyYW1lJTIwd2lkdGglM0QlMjI0ODAlMjIlMjBoZWlnaHQlM0QlMjIzMTUlMjIlMjBzcmMlM0QlMjJodHRwcyUzQSUyRiUyRnd3dy55b3V0dWJlLmNvbSUyRmVtYmVkJTJGaDdsVXA0czVDdVklMjIlMjBmcmFtZWJvcmRlciUzRCUyMjAlMjIlMjBhbGxvdyUzRCUyMmFjY2VsZXJvbWV0ZXIlM0IlMjBhdXRvcGxheSUzQiUyMGNsaXBib2FyZC13cml0ZSUzQiUyMGVuY3J5cHRlZC1tZWRpYSUzQiUyMGd5cm9zY29wZSUzQiUyMHBpY3R1cmUtaW4tcGljdHVyZSUyMiUyMGFsbG93ZnVsbHNjcmVlbiUzRSUzQyUyRmlmcmFtZSUzRQ==[\/vc_raw_html][\/vc_column][\/vc_row][vc_row full_width=&#8221;stretch_row&#8221; equal_height=&#8221;yes&#8221; css=&#8221;.vc_custom_1622750977917{background-color: #f2f2f2 !important;}&#8221; el_class=&#8221;about-bg-right&#8221;][vc_column width=&#8221;1\/2&#8243;][vc_custom_heading text=&#8221;Misi\u00f3n&#8221; font_container=&#8221;tag:h3|text_align:left&#8221; use_theme_fonts=&#8221;yes&#8221; css=&#8221;.vc_custom_1631628726551{margin-top: 50px !important;margin-bottom: 25px !important;}&#8221;][vc_column_text css=&#8221;.vc_custom_1631628900339{margin-bottom: 22px !important;}&#8221;]Brindar servicio de educaci\u00f3n para el trabajo y el desarrollo humano a j\u00f3venes y adultos a trav\u00e9s de acciones curriculares por competencias laborales, de manera presencial o virtual en escenarios de aprendizajes funcionales con uso de tecnolog\u00eda y recursos t\u00e9cnicos pedag\u00f3gicos, acorde a las necesidades personales, culturales, demanda laboral o emprendimiento empresarial con una planeaci\u00f3n estrat\u00e9gica orientada a la ejecuci\u00f3n del proyecto educativo garantizando la sostenibilidad y el desarrollo econ\u00f3mico institucional.[\/vc_column_text][\/vc_column][vc_column width=&#8221;1\/2&#8243; css=&#8221;.vc_custom_1614872092096{padding-top: 52px !important;padding-bottom: 95px !important;background-image: url(https:\/\/centroinca.com\/centroinca\/wp-content\/uploads\/2021\/03\/Centroinca-conocenos.jpg?id=7522) !important;background-position: center !important;background-repeat: no-repeat !important;background-size: cover !important;}&#8221; el_class=&#8221;about_full-right_width&#8221;][vc_custom_heading text=&#8221;Visi\u00f3n&#8221; font_container=&#8221;tag:h3|text_align:left|color:%23ffffff&#8221; use_theme_fonts=&#8221;yes&#8221; css=&#8221;.vc_custom_1631628757079{margin-bottom: 43px !important;}&#8221;][vc_column_text css=&#8221;.vc_custom_1631628923395{margin-bottom: 15px !important;}&#8221;]<span style=\"color: #ebebeb;\">El Centro Inca ser\u00e1 un referente en Colombia a nivel Nacional e Internacional en la oferta de servicio de educaci\u00f3n presencial o virtual en formaci\u00f3n t\u00e9cnica laboral para los diferentes sectores productivos que requieran vinculaci\u00f3n laboral, pasant\u00edas, o emprendimiento empresarial.<\/span>[\/vc_column_text][\/vc_column][\/vc_row][vc_row gap=&#8221;30&#8243; css=&#8221;.vc_custom_1622749752850{margin-bottom: 30px !important;}&#8221;][vc_column width=&#8221;1\/3&#8243; css=&#8221;.vc_custom_1622749352304{margin-left: 40px !important;}&#8221;][vc_custom_heading text=&#8221;Principios&#8221; font_container=&#8221;tag:h3|text_align:left&#8221; use_theme_fonts=&#8221;yes&#8221; css=&#8221;.vc_custom_1622749542119{margin-bottom: 39px !important;}&#8221;][stm_icon_box hide_title_line=&#8221;hide_title_line&#8221; icon=&#8221;fas fa-tachometer-alt&#8221; style=&#8221;icon_left&#8221; icon_size=&#8221;15&#8243; icon_color=&#8221;custom&#8221; icon_width=&#8221;70&#8243; title=&#8221;Rapidez&#8221; css=&#8221;.vc_custom_1614870319458{margin-bottom: 28px !important;}&#8221; icon_color_custom=&#8221;#ffffff&#8221;][\/stm_icon_box][stm_icon_box hide_title_line=&#8221;hide_title_line&#8221; icon=&#8221;fas fa-flag&#8221; style=&#8221;icon_left&#8221; icon_size=&#8221;15&#8243; icon_color=&#8221;custom&#8221; icon_width=&#8221;70&#8243; title=&#8221;Altura&#8221; css=&#8221;.vc_custom_1614870005681{margin-bottom: 28px !important;}&#8221; icon_color_custom=&#8221;#ffffff&#8221;][\/stm_icon_box][stm_icon_box hide_title_line=&#8221;hide_title_line&#8221; icon=&#8221;fas fa-shield-alt&#8221; style=&#8221;icon_left&#8221; icon_size=&#8221;15&#8243; icon_color=&#8221;custom&#8221; icon_width=&#8221;70&#8243; title=&#8221;Fuerza&#8221; css=&#8221;.vc_custom_1614870096888{margin-bottom: 28px !important;}&#8221; icon_color_custom=&#8221;#ffffff&#8221;][\/stm_icon_box][\/vc_column][vc_column width=&#8221;1\/3&#8243; offset=&#8221;vc_col-lg-4 vc_col-md-4&#8243;][vc_single_image image=&#8221;7543&#8243; img_size=&#8221;large&#8221; alignment=&#8221;center&#8221;][\/vc_column][vc_column width=&#8221;1\/3&#8243; offset=&#8221;vc_col-lg-4 vc_col-md-4&#8243; css=&#8221;.vc_custom_1614870815697{margin-left: 40px !important;}&#8221;][vc_custom_heading text=&#8221;Valores&#8221; font_container=&#8221;tag:h3|text_align:left&#8221; use_theme_fonts=&#8221;yes&#8221; css=&#8221;.vc_custom_1622749533109{margin-bottom: 39px !important;}&#8221;][stm_icon_box hide_title_line=&#8221;hide_title_line&#8221; icon=&#8221;stm-target&#8221; style=&#8221;icon_left&#8221; icon_size=&#8221;15&#8243; icon_color=&#8221;custom&#8221; icon_width=&#8221;70&#8243; title=&#8221;Talento&#8221; css=&#8221;.vc_custom_1614870592130{margin-bottom: 28px !important;}&#8221; icon_color_custom=&#8221;#ffffff&#8221;][\/stm_icon_box][stm_icon_box hide_title_line=&#8221;hide_title_line&#8221; icon=&#8221;fas fa-laugh&#8221; style=&#8221;icon_left&#8221; icon_size=&#8221;15&#8243; icon_color=&#8221;custom&#8221; icon_width=&#8221;70&#8243; title=&#8221;Entusiasmo&#8221; css=&#8221;.vc_custom_1614870419392{margin-bottom: 28px !important;}&#8221; icon_color_custom=&#8221;#ffffff&#8221;][\/stm_icon_box][stm_icon_box hide_title_line=&#8221;hide_title_line&#8221; icon=&#8221;fas fa-star&#8221; style=&#8221;icon_left&#8221; icon_size=&#8221;15&#8243; icon_color=&#8221;custom&#8221; icon_width=&#8221;70&#8243; title=&#8221;Est\u00e9tica&#8221; css=&#8221;.vc_custom_1614870662739{margin-bottom: 28px !important;}&#8221; icon_color_custom=&#8221;#ffffff&#8221;][\/stm_icon_box][\/vc_column][\/vc_row][vc_row full_width=&#8221;stretch_row&#8221; equal_height=&#8221;yes&#8221; css=&#8221;.vc_custom_1622750977917{background-color: #f2f2f2 !important;}&#8221; el_class=&#8221;about-bg-right&#8221;][vc_column width=&#8221;1\/2&#8243;][vc_custom_heading text=&#8221;Pol\u00edtica Integral de Gesti\u00f3n&#8221; font_container=&#8221;tag:h3|text_align:left&#8221; use_theme_fonts=&#8221;yes&#8221; css=&#8221;.vc_custom_1614889697853{margin-top: 50px !important;margin-bottom: 25px !important;}&#8221;][vc_column_text css=&#8221;.vc_custom_1614870917312{margin-bottom: 22px !important;}&#8221;]<span style=\"font-weight: 400;\">Centro Inca es una instituci\u00f3n de car\u00e1cter privada que brinda servicios de educaci\u00f3n para el trabajo y el desarrollo humano por medio de acciones curriculares por competencias de manera presencial o virtual en escenarios de aprendizajes funcionales con tecnolog\u00eda y recursos t\u00e9cnicos pedag\u00f3gicos, que orientan a nuestros estudiantes y egresados para su inserci\u00f3n laboral o emprendimiento empresarial.<\/span><\/p>\n<p><span style=\"font-weight: 400;\">Comprometida con la satisfacci\u00f3n de las necesidades de su grupo de inter\u00e9s, enmarcada dentro de la normatividad legal existente.<\/span><\/p>\n<p><span style=\"font-weight: 400;\">Manteniendo un sistema integral de gesti\u00f3n a trav\u00e9s de la mejora continua de los procesos, que contempla disponer de seguridad y salud para los trabajadores, practicantes y contratistas, mediante la consulta, participaci\u00f3n y aplicaci\u00f3n de buenas pr\u00e1cticas orientadas a la prevenci\u00f3n de accidentes y enfermedades laborales.<\/span><\/p>\n<p><span style=\"font-weight: 400;\">Con el apoyo del recurso humano competente para lograr la sostenibilidad y el desarrollo econ\u00f3mico institucional en el tiempo.<\/span>[\/vc_column_text][vc_row_inner css=&#8221;.vc_custom_1614873433894{margin-bottom: 45px !important;}&#8221;][vc_column_inner width=&#8221;1\/2&#8243;][vc_custom_heading text=&#8221;Nuestro Organigrama&#8221; font_container=&#8221;tag:h3|text_align:left&#8221; use_theme_fonts=&#8221;yes&#8221;][vc_column_text css=&#8221;.vc_custom_1614873401925{margin-bottom: 22px !important;}&#8221;]Clic en la imagen para visualizar en pantalla completa el Organigrama del Centro Inca.[\/vc_column_text][\/vc_column_inner][vc_column_inner width=&#8221;1\/2&#8243;][vc_single_image image=&#8221;7524&#8243; img_size=&#8221;medium&#8221; onclick=&#8221;link_image&#8221;][\/vc_column_inner][\/vc_row_inner][\/vc_column][vc_column width=&#8221;1\/2&#8243; css=&#8221;.vc_custom_1614872092096{padding-top: 52px !important;padding-bottom: 95px !important;background-image: url(https:\/\/centroinca.com\/centroinca\/wp-content\/uploads\/2021\/03\/Centroinca-conocenos.jpg?id=7522) !important;background-position: center !important;background-repeat: no-repeat !important;background-size: cover !important;}&#8221; el_class=&#8221;about_full-right_width&#8221;][vc_custom_heading text=&#8221;Objetivos integrales de gesti\u00f3n&#8221; font_container=&#8221;tag:h3|text_align:left|color:%23ffffff&#8221; use_theme_fonts=&#8221;yes&#8221; css=&#8221;.vc_custom_1614889689190{margin-bottom: 43px !important;}&#8221;][vc_column_text css=&#8221;.vc_custom_1622750942985{margin-bottom: 15px !important;}&#8221;]<span style=\"font-weight: 400; color: #ffffff;\">1.Fortalecer el proceso de Formaci\u00f3n por competencia que contribuya a la vinculaci\u00f3n laboral o emprendimiento de la comunidad educativa con el sector productivo<\/span><\/p>\n<p><span style=\"font-weight: 400; color: #ffffff;\">2.Incrementar el n\u00famero de campos de pr\u00e1ctica educativa a nivel local, regional y nacional.<\/span><\/p>\n<p><span style=\"font-weight: 400; color: #ffffff;\">3.Mantener ambientes de aprendizajes \u00f3ptimos con recursos t\u00e9cnicos pedag\u00f3gicos que respondan a la necesidad del servicio educativo.<\/span><\/p>\n<p><span style=\"font-weight: 400; color: #ffffff;\">4.Contribuir a la vinculaci\u00f3n laboral o emprendimiento empresarial de la comunidad educativa con el apoyo del sector productivo.<\/span><\/p>\n<p><span style=\"font-weight: 400; color: #ffffff;\">5.Mantener el \u00edndice de satisfacci\u00f3n de la comunidad educativa respecto a sus necesidades y expectativas.<\/span><\/p>\n<p><span style=\"font-weight: 400; color: #ffffff;\">6.Velar por el cumplimiento de la normatividad legal requerida para la prestaci\u00f3n del servicio educativo.<\/span><\/p>\n<p><span style=\"font-weight: 400; color: #ffffff;\">7.Promover la mejora continua en cada uno de los procesos que conforman el sistema integrado de gesti\u00f3n.<\/span><\/p>\n<p><span style=\"font-weight: 400; color: #ffffff;\">8.Fortalecer los sistemas de informaci\u00f3n y la eficacia de los distintos canales de comunicaci\u00f3n interna y externa.<\/span><\/p>\n<p><span style=\"font-weight: 400; color: #ffffff;\">9.Gestionar la promoci\u00f3n de la seguridad y salud en el trabajo para la prevenci\u00f3n de accidentes y enfermedades laborales en los ambientes de trabajo.<\/span><\/p>\n<p><span style=\"font-weight: 400; color: #ffffff;\">10.Asegurar la disponibilidad y competencia del recurso Humano requerido para garantizar la calidad del servicio educativo.<\/span><\/p>\n<p><span style=\"font-weight: 400; color: #ffffff;\">11.Generar los recursos para la sostenibilidad y el desarrollo econ\u00f3mico de la instituci\u00f3n.<\/span>[\/vc_column_text][\/vc_column][\/vc_row][vc_row full_width=&#8221;stretch_row&#8221; equal_height=&#8221;yes&#8221; css=&#8221;.vc_custom_1622751370674{margin-bottom: 42px !important;background-color: #ffffff !important;}&#8221; el_class=&#8221;about-bg-right&#8221;][vc_column width=&#8221;1\/2&#8243;][vc_custom_heading text=&#8221;Modelo Pedag\u00f3gico o Andrag\u00f3gico&#8221; font_container=&#8221;tag:h3|text_align:left&#8221; use_theme_fonts=&#8221;yes&#8221; css=&#8221;.vc_custom_1614890299387{margin-top: 50px !important;margin-bottom: 25px !important;}&#8221;][vc_column_text css=&#8221;.vc_custom_1614890133406{margin-bottom: 25px !important;}&#8221;]<span style=\"font-weight: 400;\">El modelo pedag\u00f3gico o andrag\u00f3gico del Centro Inca es la TECNOLOG\u00cdA EDUCATIVA fundamentada en la Teor\u00eda Conductista y Cognitiva.<\/span><\/p>\n<p><span style=\"font-weight: 400;\">El modelo pedag\u00f3gico o andrag\u00f3gico de tecnolog\u00eda educativa se enfocar\u00e1 paulatinamente acorde a las posibilidades institucionales hacia el dise\u00f1o instruccional para desarrollar competencias laborales, adecu\u00e1ndolo y adaptando en forma ecl\u00e9ctica e incorporando aspectos b\u00e1sicos de los diferentes modelos del dise\u00f1o instruccional para el desarrollo de competencias laborales utilizados en Latinoam\u00e9rica como es el AMOD, DACUM, FBCL, EAO y SCIF, entre otros.<\/span>[\/vc_column_text][vc_column_text css=&#8221;.vc_custom_1614890573256{margin-bottom: 25px !important;}&#8221;]<strong>Metodolog\u00eda y m\u00e9todo:<\/strong>[\/vc_column_text][vc_column_text css=&#8221;.vc_custom_1614890506686{margin-bottom: 25px !important;}&#8221;]<span style=\"font-weight: 400;\">La metodolog\u00eda de Centro Inca es la TDP (Teor\u00eda, Demostraci\u00f3n y Pr\u00e1ctica) y el m\u00e9todo de los nueve pasos.<\/span>[\/vc_column_text][vc_column_text css=&#8221;.vc_custom_1614890620173{margin-bottom: 25px !important;}&#8221;]<strong>Dise\u00f1o Curricular<\/strong>[\/vc_column_text][vc_column_text]<span style=\"font-weight: 400;\">(Protegido por derechos de autor, prohibida su copia, implementaci\u00f3n parcial o total)El dise\u00f1o curricular lo denominamos el SIM (Sistema de Instrucci\u00f3n Modular), que funciona por medio de una estructura modular (Del lat\u00edn modulus, molde, medida) cuyo significado es un conjunto &#8220;integrado&#8221; o &#8220;estructura&#8221; de contenidos, metodolog\u00eda y recursos, entre otros, con una sustantividad espec\u00edfica independiente en forma relativa desde el punto de vista total del curr\u00edculo.<\/span><\/p>\n<p><span style=\"font-weight: 400;\">El SIM, sistema de instrucci\u00f3n modular, est\u00e1 conformado de manera independiente, sin requisitos o correquisitos de tipo acad\u00e9mico y t\u00e9cnico en todos los programas, de tal forma, que dos m\u00f3dulos constituyen un per\u00edodo acad\u00e9mico y dos per\u00edodos acad\u00e9micos constituyen un ciclo. En el Centro Inca existen dos Ciclos en el a\u00f1o, el ciclo A y el ciclo B.<\/span>[\/vc_column_text][\/vc_column][vc_column width=&#8221;1\/2&#8243; css=&#8221;.vc_custom_1614890184989{padding-top: 52px !important;padding-bottom: 95px !important;background-position: center !important;background-repeat: no-repeat !important;background-size: cover !important;}&#8221; el_class=&#8221;about_full-right_width&#8221;][stm_spacing lg_spacing=&#8221;20&#8243; md_spacing=&#8221;20&#8243; sm_spacing=&#8221;1px&#8221; xs_spacing=&#8221;1px&#8221;][vc_column_text css=&#8221;.vc_custom_1614890669497{margin-bottom: 25px !important;}&#8221;]<span style=\"font-weight: 400;\">Cada per\u00edodo acad\u00e9mico est\u00e1 constituido por dos m\u00f3dulos instruccionales. Cada m\u00f3dulo se distribuye en los siguientes ejes:<\/span><\/p>\n<ul>\n<li><span style=\"font-weight: 400;\">Eje de formaci\u00f3n laboral.<\/span><\/li>\n<li><span style=\"font-weight: 400;\">Eje de formaci\u00f3n t\u00e9cnica.<\/span><\/li>\n<li><span style=\"font-weight: 400;\">Eje de formaci\u00f3n humana.<\/span><\/li>\n<\/ul>\n<p>[\/vc_column_text][vc_column_text css=&#8221;.vc_custom_1614890765946{margin-bottom: 25px !important;}&#8221;]<strong>Eje de Formaci\u00f3n Laboral<\/strong>[\/vc_column_text][vc_column_text css=&#8221;.vc_custom_1614890868643{margin-bottom: 25px !important;}&#8221;]<span style=\"font-weight: 400;\">Corresponde a los conocimientos y habilidades te\u00f3rico\u2013pr\u00e1cticos reforzados en el contacto con los sectores de producci\u00f3n econ\u00f3mica durante el desarrollo de los m\u00f3dulos acad\u00e9micos con el fin de facilitar su adaptaci\u00f3n para el mundo laboral.<\/span>[\/vc_column_text][vc_column_text css=&#8221;.vc_custom_1614890828500{margin-bottom: 25px !important;}&#8221;]<strong>Eje de Formaci\u00f3n T\u00e9cnica<\/strong><\/p>\n<p>[\/vc_column_text][vc_column_text css=&#8221;.vc_custom_1614890848132{margin-bottom: 25px !important;}&#8221;]<span style=\"font-weight: 400;\">Corresponde a conocimientos y habilidades te\u00f3rico-pr\u00e1cticas desarrollado en cada m\u00f3dulo y que guarda relaci\u00f3n con el perfil del egresado.<\/span>[\/vc_column_text][vc_column_text css=&#8221;.vc_custom_1614890806853{margin-bottom: 25px !important;}&#8221;]<strong>Eje de Formaci\u00f3n Humana<\/strong>[\/vc_column_text][vc_column_text css=&#8221;.vc_custom_1614890903642{margin-bottom: 25px !important;}&#8221;]<span style=\"font-weight: 400;\">Corresponde al desarrollo humano y la formaci\u00f3n del estudiante hacia el trabajo y el emprendimiento.<\/span><\/p>\n<p><span style=\"font-weight: 400;\">Estos tres ejes vinculan tres componentes fundamentales complementarios en todos los programas designados en el plan de estudio.<\/span>[\/vc_column_text][\/vc_column][\/vc_row]<\/p>\n<\/div>","protected":false},"excerpt":{"rendered":"<p>[vc_row full_width=&#8221;stretch_row&#8221; equal_height=&#8221;yes&#8221; content_placement=&#8221;middle&#8221; css=&#8221;.vc_custom_1631629757100{margin-bottom: 32px !important;background-color: #ffffff !important;}&#8221;][vc_column width=&#8221;1\/2&#8243;][vc_custom_heading text=&#8221;Con\u00f3cenos&#8221; font_container=&#8221;tag:h3|text_align:left&#8221; use_theme_fonts=&#8221;yes&#8221; css=&#8221;.vc_custom_1614890346730{margin-top: 50px !important;margin-bottom: 25px !important;}&#8221;][vc_column_text css=&#8221;.vc_custom_1615924731734{margin-bottom: 25px !important;}&#8221;]Una Organizaci\u00f3n abierta e inteligente que transforma vidas, comprometida con todas las modalidades de la educaci\u00f3n:[\/vc_column_text][vc_column_text] CENTRO INCA es una instituci\u00f3n educativa en la modalidad Educaci\u00f3n para el Trabajo y el Desarrollo humano. Ley 1064\/2006.<\/p>\n","protected":false},"author":1,"featured_media":0,"parent":0,"menu_order":0,"comment_status":"closed","ping_status":"closed","template":"","meta":{"footnotes":""},"class_list":["post-1501","page","type-page","status-publish","hentry"],"yoast_head":"<!-- This site is optimized with the Yoast SEO plugin v27.4 - https:\/\/yoast.com\/product\/yoast-seo-wordpress\/ -->\n<title>Con\u00f3cenos - Centro Inca tu camino al \u00e9xito.<\/title>\n<meta name=\"description\" content=\"Conoce la trayectoria de Centro Inca, una instituci\u00f3n l\u00edder en formaci\u00f3n t\u00e9cnica y para el trabajo. Comprometidos con la educaci\u00f3n de calidad.\" \/>\n<meta name=\"robots\" content=\"index, follow, max-snippet:-1, max-image-preview:large, max-video-preview:-1\" \/>\n<link rel=\"canonical\" href=\"https:\/\/centroinca.com\/centroinca\/conocenos\/\" \/>\n<meta property=\"og:locale\" content=\"es_ES\" \/>\n<meta property=\"og:type\" content=\"article\" \/>\n<meta property=\"og:title\" content=\"Con\u00f3cenos - Centro Inca tu camino al \u00e9xito.\" \/>\n<meta property=\"og:description\" content=\"Conoce la trayectoria de Centro Inca, una instituci\u00f3n l\u00edder en formaci\u00f3n t\u00e9cnica y para el trabajo. Comprometidos con la educaci\u00f3n de calidad.\" \/>\n<meta property=\"og:url\" content=\"https:\/\/centroinca.com\/centroinca\/conocenos\/\" \/>\n<meta property=\"og:site_name\" content=\"Centro Inca\" \/>\n<meta property=\"article:modified_time\" content=\"2025-12-01T22:32:07+00:00\" \/>\n<meta name=\"twitter:card\" content=\"summary_large_image\" \/>\n<meta name=\"twitter:label1\" content=\"Tiempo de lectura\" \/>\n\t<meta name=\"twitter:data1\" content=\"7 minutos\" \/>\n<script type=\"application\/ld+json\" class=\"yoast-schema-graph\">{\"@context\":\"https:\\\/\\\/schema.org\",\"@graph\":[{\"@type\":\"WebPage\",\"@id\":\"https:\\\/\\\/centroinca.com\\\/centroinca\\\/conocenos\\\/\",\"url\":\"https:\\\/\\\/centroinca.com\\\/centroinca\\\/conocenos\\\/\",\"name\":\"Con\u00f3cenos - Centro Inca tu camino al \u00e9xito.\",\"isPartOf\":{\"@id\":\"https:\\\/\\\/centroinca.com\\\/centroinca\\\/#website\"},\"datePublished\":\"2017-02-09T14:23:01+00:00\",\"dateModified\":\"2025-12-01T22:32:07+00:00\",\"description\":\"Conoce la trayectoria de Centro Inca, una instituci\u00f3n l\u00edder en formaci\u00f3n t\u00e9cnica y para el trabajo. Comprometidos con la educaci\u00f3n de calidad.\",\"breadcrumb\":{\"@id\":\"https:\\\/\\\/centroinca.com\\\/centroinca\\\/conocenos\\\/#breadcrumb\"},\"inLanguage\":\"es\",\"potentialAction\":[{\"@type\":\"ReadAction\",\"target\":[\"https:\\\/\\\/centroinca.com\\\/centroinca\\\/conocenos\\\/\"]}]},{\"@type\":\"BreadcrumbList\",\"@id\":\"https:\\\/\\\/centroinca.com\\\/centroinca\\\/conocenos\\\/#breadcrumb\",\"itemListElement\":[{\"@type\":\"ListItem\",\"position\":1,\"name\":\"Inicio\",\"item\":\"https:\\\/\\\/centroinca.com\\\/centroinca\\\/\"},{\"@type\":\"ListItem\",\"position\":2,\"name\":\"Con\u00f3cenos\"}]},{\"@type\":\"WebSite\",\"@id\":\"https:\\\/\\\/centroinca.com\\\/centroinca\\\/#website\",\"url\":\"https:\\\/\\\/centroinca.com\\\/centroinca\\\/\",\"name\":\"Centro Inca\",\"description\":\"Tu camino al \u00e9xito - Estudia Programas T\u00e9cnicos Laborales en Barranquillla\",\"publisher\":{\"@id\":\"https:\\\/\\\/centroinca.com\\\/centroinca\\\/#organization\"},\"potentialAction\":[{\"@type\":\"SearchAction\",\"target\":{\"@type\":\"EntryPoint\",\"urlTemplate\":\"https:\\\/\\\/centroinca.com\\\/centroinca\\\/?s={search_term_string}\"},\"query-input\":{\"@type\":\"PropertyValueSpecification\",\"valueRequired\":true,\"valueName\":\"search_term_string\"}}],\"inLanguage\":\"es\"},{\"@type\":\"Organization\",\"@id\":\"https:\\\/\\\/centroinca.com\\\/centroinca\\\/#organization\",\"name\":\"Centro Inca\",\"url\":\"https:\\\/\\\/centroinca.com\\\/centroinca\\\/\",\"logo\":{\"@type\":\"ImageObject\",\"inLanguage\":\"es\",\"@id\":\"https:\\\/\\\/centroinca.com\\\/centroinca\\\/#\\\/schema\\\/logo\\\/image\\\/\",\"url\":\"https:\\\/\\\/centroinca.com\\\/centroinca\\\/wp-content\\\/uploads\\\/2019\\\/09\\\/LOGO-CENTRO-INCA-POSITIVO.png\",\"contentUrl\":\"https:\\\/\\\/centroinca.com\\\/centroinca\\\/wp-content\\\/uploads\\\/2019\\\/09\\\/LOGO-CENTRO-INCA-POSITIVO.png\",\"width\":1377,\"height\":546,\"caption\":\"Centro Inca\"},\"image\":{\"@id\":\"https:\\\/\\\/centroinca.com\\\/centroinca\\\/#\\\/schema\\\/logo\\\/image\\\/\"}}]}<\/script>\n<!-- \/ Yoast SEO plugin. -->","yoast_head_json":{"title":"Con\u00f3cenos - Centro Inca tu camino al \u00e9xito.","description":"Conoce la trayectoria de Centro Inca, una instituci\u00f3n l\u00edder en formaci\u00f3n t\u00e9cnica y para el trabajo. Comprometidos con la educaci\u00f3n de calidad.","robots":{"index":"index","follow":"follow","max-snippet":"max-snippet:-1","max-image-preview":"max-image-preview:large","max-video-preview":"max-video-preview:-1"},"canonical":"https:\/\/centroinca.com\/centroinca\/conocenos\/","og_locale":"es_ES","og_type":"article","og_title":"Con\u00f3cenos - Centro Inca tu camino al \u00e9xito.","og_description":"Conoce la trayectoria de Centro Inca, una instituci\u00f3n l\u00edder en formaci\u00f3n t\u00e9cnica y para el trabajo. Comprometidos con la educaci\u00f3n de calidad.","og_url":"https:\/\/centroinca.com\/centroinca\/conocenos\/","og_site_name":"Centro Inca","article_modified_time":"2025-12-01T22:32:07+00:00","twitter_card":"summary_large_image","twitter_misc":{"Tiempo de lectura":"7 minutos"},"schema":{"@context":"https:\/\/schema.org","@graph":[{"@type":"WebPage","@id":"https:\/\/centroinca.com\/centroinca\/conocenos\/","url":"https:\/\/centroinca.com\/centroinca\/conocenos\/","name":"Con\u00f3cenos - Centro Inca tu camino al \u00e9xito.","isPartOf":{"@id":"https:\/\/centroinca.com\/centroinca\/#website"},"datePublished":"2017-02-09T14:23:01+00:00","dateModified":"2025-12-01T22:32:07+00:00","description":"Conoce la trayectoria de Centro Inca, una instituci\u00f3n l\u00edder en formaci\u00f3n t\u00e9cnica y para el trabajo. Comprometidos con la educaci\u00f3n de calidad.","breadcrumb":{"@id":"https:\/\/centroinca.com\/centroinca\/conocenos\/#breadcrumb"},"inLanguage":"es","potentialAction":[{"@type":"ReadAction","target":["https:\/\/centroinca.com\/centroinca\/conocenos\/"]}]},{"@type":"BreadcrumbList","@id":"https:\/\/centroinca.com\/centroinca\/conocenos\/#breadcrumb","itemListElement":[{"@type":"ListItem","position":1,"name":"Inicio","item":"https:\/\/centroinca.com\/centroinca\/"},{"@type":"ListItem","position":2,"name":"Con\u00f3cenos"}]},{"@type":"WebSite","@id":"https:\/\/centroinca.com\/centroinca\/#website","url":"https:\/\/centroinca.com\/centroinca\/","name":"Centro Inca","description":"Tu camino al \u00e9xito - Estudia Programas T\u00e9cnicos Laborales en Barranquillla","publisher":{"@id":"https:\/\/centroinca.com\/centroinca\/#organization"},"potentialAction":[{"@type":"SearchAction","target":{"@type":"EntryPoint","urlTemplate":"https:\/\/centroinca.com\/centroinca\/?s={search_term_string}"},"query-input":{"@type":"PropertyValueSpecification","valueRequired":true,"valueName":"search_term_string"}}],"inLanguage":"es"},{"@type":"Organization","@id":"https:\/\/centroinca.com\/centroinca\/#organization","name":"Centro Inca","url":"https:\/\/centroinca.com\/centroinca\/","logo":{"@type":"ImageObject","inLanguage":"es","@id":"https:\/\/centroinca.com\/centroinca\/#\/schema\/logo\/image\/","url":"https:\/\/centroinca.com\/centroinca\/wp-content\/uploads\/2019\/09\/LOGO-CENTRO-INCA-POSITIVO.png","contentUrl":"https:\/\/centroinca.com\/centroinca\/wp-content\/uploads\/2019\/09\/LOGO-CENTRO-INCA-POSITIVO.png","width":1377,"height":546,"caption":"Centro Inca"},"image":{"@id":"https:\/\/centroinca.com\/centroinca\/#\/schema\/logo\/image\/"}}]}},"_links":{"self":[{"href":"https:\/\/centroinca.com\/centroinca\/wp-json\/wp\/v2\/pages\/1501","targetHints":{"allow":["GET"]}}],"collection":[{"href":"https:\/\/centroinca.com\/centroinca\/wp-json\/wp\/v2\/pages"}],"about":[{"href":"https:\/\/centroinca.com\/centroinca\/wp-json\/wp\/v2\/types\/page"}],"author":[{"embeddable":true,"href":"https:\/\/centroinca.com\/centroinca\/wp-json\/wp\/v2\/users\/1"}],"replies":[{"embeddable":true,"href":"https:\/\/centroinca.com\/centroinca\/wp-json\/wp\/v2\/comments?post=1501"}],"version-history":[{"count":53,"href":"https:\/\/centroinca.com\/centroinca\/wp-json\/wp\/v2\/pages\/1501\/revisions"}],"predecessor-version":[{"id":9925,"href":"https:\/\/centroinca.com\/centroinca\/wp-json\/wp\/v2\/pages\/1501\/revisions\/9925"}],"wp:attachment":[{"href":"https:\/\/centroinca.com\/centroinca\/wp-json\/wp\/v2\/media?parent=1501"}],"curies":[{"name":"wp","href":"https:\/\/api.w.org\/{rel}","templated":true}]}}